{"id":860,"date":"2020-08-05T08:02:14","date_gmt":"2020-08-05T06:02:14","guid":{"rendered":"http:\/\/test.rops-opole.pl\/?page_id=860"},"modified":"2023-08-29T13:13:22","modified_gmt":"2023-08-29T11:13:22","slug":"opolskie-przeciw-przemocy","status":"publish","type":"page","link":"https:\/\/rops-opole.pl\/?page_id=860","title":{"rendered":"Opolskie przeciw przemocy"},"content":{"rendered":"\n<p><strong>Kampania spo\u0142eczno \u2013 informacyjna<\/strong><\/p>\n\n\n\n<p>Regionalny O\u015brodek Polityki Spo\u0142ecznej we wsp\u00f3\u0142pracy z Wydzia\u0142em Prewencji Komendy Wojew\u00f3dzkiej Policji w Opolu przygotowa\u0142 i realizuje projekt\u00a0<strong>\u201eOpolskie przeciw przemocy\u201d<\/strong>, finansowany ze \u015brodk\u00f3w Rz\u0105dowego Programu Ograniczania Przest\u0119pczo\u015bci i Aspo\u0142ecznych Zachowa\u0144 \u201eRazem Bezpieczniej\u201d, kt\u00f3rego elementem by\u0142a\u00a0<em>kampania spo\u0142eczno-informacyjna.<\/em><\/p>\n\n\n\n<p>Przedsi\u0119wzi\u0119cie to by\u0142o obj\u0119te tygodniowym (od 14 do 18.06.2010 r.) cyklem dzia\u0142a\u0144 spo\u0142eczno-informacyjnych dotycz\u0105cych walki z przemoc\u0105 ze szczeg\u00f3lnym uwzgl\u0119dnieniem os\u00f3b starszych i niepe\u0142nosprawnych.<\/p>\n\n\n\n<p>Inauguracja kampanii rozpocz\u0119\u0142a si\u0119 14 czerwca 2010 r,. Tydzie\u0144 walki z przemoc\u0105 zainaugurowa\u0142 spot antyprzemocowy, emitowany na antenie TVP Opole, natomiast przed otwarciem tygodnia walki z przemoc\u0105 oraz w jego trakcie ukazywa\u0142y si\u0119 liczne artyku\u0142y i informacje na temat realizowanych dzia\u0142a\u0144. Patronat medialny nad przedsi\u0119wzi\u0119ciem obj\u0119\u0142a Nowa Trybuna Opolska.<\/p>\n\n\n\n<p><strong>15 czerwca 2010 r.<\/strong>\u00a0w auli Uniwersytetu Opolskiego odby\u0142a si\u0119 konferencja\u00a0<strong>nt. \u201eGODNE \u017bYCIE \u2013 problematyka przemocy ze szczeg\u00f3lnym uwzgl\u0119dnieniem os\u00f3b starszych i niepe\u0142nosprawnych\u201d.<\/strong>\u00a0Powy\u017csza inicjatywa zosta\u0142a zorganizowana we wsp\u00f3\u0142pracy z Uniwersytetem Opolskim.<\/p>\n\n\n\n<p>Tematem przewodnim konferencji by\u0142o upowszechnienie wiedzy na temat przemocy i jej negatywnych skutk\u00f3w ze szczeg\u00f3lnym uwzgl\u0119dnieniem os\u00f3b starszych i niepe\u0142nosprawnych. W konferencji uczestniczy\u0142o ponad 120 os\u00f3b przedstawicieli policji, s\u0142u\u017cby zdrowia, pracownik\u00f3w socjalnych, przedstawicieli organizacji pozarz\u0105dowych, gminnych komisji rozwi\u0105zywania problem\u00f3w alkoholowych, przedstawicieli s\u0105d\u00f3w, \u015brodowiska akademickiego oraz organ\u00f3w administracji rz\u0105dowej i samorz\u0105dowej. Swoj\u0105 obecno\u015bci\u0105 zaszczyci\u0142 Nas tak\u017ce Antoni Jastrzembski Wicewojewoda Opolski.<\/p>\n\n\n\n<p>Uczestnicy konferencji zostali zapoznani z za\u0142o\u017ceniami projektu \u201eOpolskie Przeciw Przemocy\u201d, a tak\u017ce mieli okazj\u0119 do wys\u0142uchania wielu interesuj\u0105cych wyst\u0105pie\u0144, a w\u015br\u00f3d nich:\u00a0<em>\u201ePrewencja przeciwko przemocy, jako element polityki pa\u0144stwa\u201d<\/em>\u00a0(Adam Sowi\u0144ski- przedstawiciel MSWiA),\u00a0<em>\u201ePrzemoc w policyjnych statystykach\u201d<\/em>\u00a0(Mariola Gos\u0142awska \u2013 przedstawicielka Komendy G\u0142\u00f3wnej Policji),\u00a0<em>\u201eNadu\u017cycia wobec os\u00f3b starszych\u201d<\/em>\u00a0(Prof. dr hab. Tadeusz Cielecki \u2013 Dziekan Wydzia\u0142u Prawa i Administracji Uniwersytetu Opolskiego),\u00a0<em>\u201ePrzemoc wobec starszych i niepe\u0142nosprawnych na podstawie danych Niebieska linia\u201d<\/em>\u00a0(Sylwia Mazur \u2013 Kierownik Referatu Polityki Spo\u0142ecznej w Departamencie Zdrowia i Polityki Spo\u0142ecznej UMWO),\u00a0<em>\u201eUwarunkowania przemocy wobec os\u00f3b niepe\u0142nosprawnych\u201d<\/em>\u00a0(pod redakcj\u0105 dr Jolanty \u017barczy\u0144skiej-Hyla z Uniwersytetu Opolskiego),\u00a0<em>\u201eAlkohol jako czynnik sprzyjaj\u0105cy procesowi przemocy\u201d<\/em>\u00a0(Anna Ryczkowska, Wojew\u00f3dzki O\u015brodek Terapii Uzale\u017cnienia i Wsp\u00f3\u0142uzale\u017cnienia w Opolu) oraz\u00a0<em>\u201eInterdyscyplinarna pomoc osobom starszym dotkni\u0119tym przemoc\u0105\u201d<\/em>\u00a0(Barbara Leszczy\u0144ska \u2013 Specjalistyczny O\u015brodek wsparcia dla Ofiar Przemocy Rodzinie w Opolu).<\/p>\n\n\n\n<figure class=\"wp-block-gallery has-nested-images columns-default is-cropped wp-block-gallery-1 is-layout-flex wp-block-gallery-is-layout-flex\">\n<figure class=\"wp-block-image size-large\"><img fetchpriority=\"high\" decoding=\"async\" width=\"800\" height=\"536\" data-id=\"864\" src=\"https:\/\/rops-opole.pl\/wp-content\/uploads\/2020\/08\/01-2.jpg\" alt=\"Opolskie przeciw przemocy\" class=\"wp-image-864\" srcset=\"https:\/\/rops-opole.pl\/wp-content\/uploads\/2020\/08\/01-2.jpg 800w, https:\/\/rops-opole.pl\/wp-content\/uploads\/2020\/08\/01-2-266x178.jpg 266w\" sizes=\"(max-width: 800px) 100vw, 800px\"><\/figure>\n\n\n\n<figure class=\"wp-block-image size-large\"><img decoding=\"async\" width=\"800\" height=\"536\" data-id=\"865\" src=\"https:\/\/rops-opole.pl\/wp-content\/uploads\/2020\/08\/02-2.jpg\" alt=\"Konferencja - Opolskie przeciw przemocy\" class=\"wp-image-865\" srcset=\"https:\/\/rops-opole.pl\/wp-content\/uploads\/2020\/08\/02-2.jpg 800w, https:\/\/rops-opole.pl\/wp-content\/uploads\/2020\/08\/02-2-266x178.jpg 266w\" sizes=\"(max-width: 800px) 100vw, 800px\"><\/figure>\n\n\n\n<figure class=\"wp-block-image size-large\"><img decoding=\"async\" width=\"800\" height=\"536\" data-id=\"866\" src=\"https:\/\/rops-opole.pl\/wp-content\/uploads\/2020\/08\/03-2.jpg\" alt=\"Opolskie przeciw przemocy\" class=\"wp-image-866\" srcset=\"https:\/\/rops-opole.pl\/wp-content\/uploads\/2020\/08\/03-2.jpg 800w, https:\/\/rops-opole.pl\/wp-content\/uploads\/2020\/08\/03-2-266x178.jpg 266w\" sizes=\"(max-width: 800px) 100vw, 800px\"><\/figure>\n\n\n\n<figure class=\"wp-block-image size-large\"><img loading=\"lazy\" decoding=\"async\" width=\"800\" height=\"536\" data-id=\"867\" src=\"https:\/\/rops-opole.pl\/wp-content\/uploads\/2020\/08\/04-2.jpg\" alt=\"Konferencja - Opolskie przeciw przemocy\" class=\"wp-image-867\" srcset=\"https:\/\/rops-opole.pl\/wp-content\/uploads\/2020\/08\/04-2.jpg 800w, https:\/\/rops-opole.pl\/wp-content\/uploads\/2020\/08\/04-2-266x178.jpg 266w\" sizes=\"(max-width: 800px) 100vw, 800px\"><\/figure>\n\n\n\n<figure class=\"wp-block-image size-large\"><img loading=\"lazy\" decoding=\"async\" width=\"800\" height=\"536\" data-id=\"868\" src=\"https:\/\/rops-opole.pl\/wp-content\/uploads\/2020\/08\/05-2.jpg\" alt=\"Opolskie przeciw przemocy\" class=\"wp-image-868\" srcset=\"https:\/\/rops-opole.pl\/wp-content\/uploads\/2020\/08\/05-2.jpg 800w, https:\/\/rops-opole.pl\/wp-content\/uploads\/2020\/08\/05-2-266x178.jpg 266w\" sizes=\"(max-width: 800px) 100vw, 800px\"><\/figure>\n\n\n\n<figure class=\"wp-block-image size-large\"><img loading=\"lazy\" decoding=\"async\" width=\"800\" height=\"536\" data-id=\"869\" src=\"https:\/\/rops-opole.pl\/wp-content\/uploads\/2020\/08\/06-2.jpg\" alt=\"Opolskie przeciw przemocy\" class=\"wp-image-869\" srcset=\"https:\/\/rops-opole.pl\/wp-content\/uploads\/2020\/08\/06-2.jpg 800w, https:\/\/rops-opole.pl\/wp-content\/uploads\/2020\/08\/06-2-266x178.jpg 266w\" sizes=\"(max-width: 800px) 100vw, 800px\"><\/figure>\n\n\n\n<figure class=\"wp-block-image size-large\"><img loading=\"lazy\" decoding=\"async\" width=\"800\" height=\"536\" data-id=\"870\" src=\"https:\/\/rops-opole.pl\/wp-content\/uploads\/2020\/08\/07-2.jpg\" alt=\"Opolskie przeciw przemocy\" class=\"wp-image-870\" srcset=\"https:\/\/rops-opole.pl\/wp-content\/uploads\/2020\/08\/07-2.jpg 800w, https:\/\/rops-opole.pl\/wp-content\/uploads\/2020\/08\/07-2-266x178.jpg 266w\" sizes=\"(max-width: 800px) 100vw, 800px\"><\/figure>\n\n\n\n<figure class=\"wp-block-image size-large\"><img loading=\"lazy\" decoding=\"async\" width=\"800\" height=\"536\" data-id=\"871\" src=\"https:\/\/rops-opole.pl\/wp-content\/uploads\/2020\/08\/08-2.jpg\" alt=\"Opolskie przeciw przemocy\" class=\"wp-image-871\" srcset=\"https:\/\/rops-opole.pl\/wp-content\/uploads\/2020\/08\/08-2.jpg 800w, https:\/\/rops-opole.pl\/wp-content\/uploads\/2020\/08\/08-2-266x178.jpg 266w\" sizes=\"(max-width: 800px) 100vw, 800px\"><\/figure>\n\n\n\n<figure class=\"wp-block-image size-large\"><img loading=\"lazy\" decoding=\"async\" width=\"800\" height=\"536\" data-id=\"872\" src=\"https:\/\/rops-opole.pl\/wp-content\/uploads\/2020\/08\/09-2.jpg\" alt=\"Opolskie przeciw przemocy\" class=\"wp-image-872\" srcset=\"https:\/\/rops-opole.pl\/wp-content\/uploads\/2020\/08\/09-2.jpg 800w, https:\/\/rops-opole.pl\/wp-content\/uploads\/2020\/08\/09-2-266x178.jpg 266w\" sizes=\"(max-width: 800px) 100vw, 800px\"><\/figure>\n\n\n\n<figure class=\"wp-block-image size-large\"><img loading=\"lazy\" decoding=\"async\" width=\"800\" height=\"536\" data-id=\"873\" src=\"https:\/\/rops-opole.pl\/wp-content\/uploads\/2020\/08\/10-2.jpg\" alt=\"Opolskie przeciw przemocy\" class=\"wp-image-873\" srcset=\"https:\/\/rops-opole.pl\/wp-content\/uploads\/2020\/08\/10-2.jpg 800w, https:\/\/rops-opole.pl\/wp-content\/uploads\/2020\/08\/10-2-266x178.jpg 266w\" sizes=\"(max-width: 800px) 100vw, 800px\"><\/figure>\n\n\n\n<figure class=\"wp-block-image size-large\"><img loading=\"lazy\" decoding=\"async\" width=\"800\" height=\"536\" data-id=\"874\" src=\"https:\/\/rops-opole.pl\/wp-content\/uploads\/2020\/08\/11-2.jpg\" alt=\"Opolskie przeciw przemocy\" class=\"wp-image-874\" srcset=\"https:\/\/rops-opole.pl\/wp-content\/uploads\/2020\/08\/11-2.jpg 800w, https:\/\/rops-opole.pl\/wp-content\/uploads\/2020\/08\/11-2-266x178.jpg 266w\" sizes=\"(max-width: 800px) 100vw, 800px\"><\/figure>\n\n\n\n<figure class=\"wp-block-image size-large\"><img loading=\"lazy\" decoding=\"async\" width=\"800\" height=\"536\" data-id=\"875\" src=\"https:\/\/rops-opole.pl\/wp-content\/uploads\/2020\/08\/12-2.jpg\" alt=\"Konferencja Opolskie przeciw przemocy\" class=\"wp-image-875\" srcset=\"https:\/\/rops-opole.pl\/wp-content\/uploads\/2020\/08\/12-2.jpg 800w, https:\/\/rops-opole.pl\/wp-content\/uploads\/2020\/08\/12-2-266x178.jpg 266w\" sizes=\"(max-width: 800px) 100vw, 800px\"><\/figure>\n\n\n\n<figure class=\"wp-block-image size-large\"><img loading=\"lazy\" decoding=\"async\" width=\"800\" height=\"536\" data-id=\"876\" src=\"https:\/\/rops-opole.pl\/wp-content\/uploads\/2020\/08\/13-2.jpg\" alt=\"Konferencja - Opolskie przeciw przemocy\" class=\"wp-image-876\" srcset=\"https:\/\/rops-opole.pl\/wp-content\/uploads\/2020\/08\/13-2.jpg 800w, https:\/\/rops-opole.pl\/wp-content\/uploads\/2020\/08\/13-2-266x178.jpg 266w\" sizes=\"(max-width: 800px) 100vw, 800px\"><\/figure>\n\n\n\n<figure class=\"wp-block-image size-large\"><img loading=\"lazy\" decoding=\"async\" width=\"800\" height=\"536\" data-id=\"877\" src=\"https:\/\/rops-opole.pl\/wp-content\/uploads\/2020\/08\/14-2.jpg\" alt=\"Konferencja - Opolskie przeciw przemocy\" class=\"wp-image-877\" srcset=\"https:\/\/rops-opole.pl\/wp-content\/uploads\/2020\/08\/14-2.jpg 800w, https:\/\/rops-opole.pl\/wp-content\/uploads\/2020\/08\/14-2-266x178.jpg 266w\" sizes=\"(max-width: 800px) 100vw, 800px\"><\/figure>\n\n\n\n<figure class=\"wp-block-image size-large\"><img loading=\"lazy\" decoding=\"async\" width=\"800\" height=\"536\" data-id=\"878\" src=\"https:\/\/rops-opole.pl\/wp-content\/uploads\/2020\/08\/15-1.jpg\" alt=\"Konferencja - Opolskie przeciw przemocy\" class=\"wp-image-878\" srcset=\"https:\/\/rops-opole.pl\/wp-content\/uploads\/2020\/08\/15-1.jpg 800w, https:\/\/rops-opole.pl\/wp-content\/uploads\/2020\/08\/15-1-266x178.jpg 266w\" sizes=\"(max-width: 800px) 100vw, 800px\"><\/figure>\n\n\n\n<figure class=\"wp-block-image size-large\"><img loading=\"lazy\" decoding=\"async\" width=\"800\" height=\"536\" data-id=\"880\" src=\"https:\/\/rops-opole.pl\/wp-content\/uploads\/2020\/08\/17-1.jpg\" alt=\"Opolskie przeciw przemocy\" class=\"wp-image-880\" srcset=\"https:\/\/rops-opole.pl\/wp-content\/uploads\/2020\/08\/17-1.jpg 800w, https:\/\/rops-opole.pl\/wp-content\/uploads\/2020\/08\/17-1-266x178.jpg 266w\" sizes=\"(max-width: 800px) 100vw, 800px\"><\/figure>\n\n\n\n<figure class=\"wp-block-image size-large\"><img loading=\"lazy\" decoding=\"async\" width=\"800\" height=\"600\" data-id=\"881\" src=\"https:\/\/rops-opole.pl\/wp-content\/uploads\/2020\/08\/18-1.jpg\" alt='Konferencja w ramach projektu \"Opolskie przeciw przemocy\"' class=\"wp-image-881\" srcset=\"https:\/\/rops-opole.pl\/wp-content\/uploads\/2020\/08\/18-1.jpg 800w, https:\/\/rops-opole.pl\/wp-content\/uploads\/2020\/08\/18-1-789x592.jpg 789w, https:\/\/rops-opole.pl\/wp-content\/uploads\/2020\/08\/18-1-237x178.jpg 237w\" sizes=\"(max-width: 800px) 100vw, 800px\"><\/figure>\n\n\n\n<figure class=\"wp-block-image size-large\"><img loading=\"lazy\" decoding=\"async\" width=\"800\" height=\"600\" data-id=\"882\" src=\"https:\/\/rops-opole.pl\/wp-content\/uploads\/2020\/08\/19.jpg\" alt=\"Opolskie przeciw przemocy\" class=\"wp-image-882\" srcset=\"https:\/\/rops-opole.pl\/wp-content\/uploads\/2020\/08\/19.jpg 800w, https:\/\/rops-opole.pl\/wp-content\/uploads\/2020\/08\/19-789x592.jpg 789w, https:\/\/rops-opole.pl\/wp-content\/uploads\/2020\/08\/19-237x178.jpg 237w\" sizes=\"(max-width: 800px) 100vw, 800px\"><\/figure>\n\n\n\n<figure class=\"wp-block-image size-large\"><img loading=\"lazy\" decoding=\"async\" width=\"800\" height=\"600\" data-id=\"883\" src=\"https:\/\/rops-opole.pl\/wp-content\/uploads\/2020\/08\/20.jpg\" alt=\"Opolskie przeciw przemocy\" class=\"wp-image-883\" srcset=\"https:\/\/rops-opole.pl\/wp-content\/uploads\/2020\/08\/20.jpg 800w, https:\/\/rops-opole.pl\/wp-content\/uploads\/2020\/08\/20-789x592.jpg 789w, https:\/\/rops-opole.pl\/wp-content\/uploads\/2020\/08\/20-237x178.jpg 237w\" sizes=\"(max-width: 800px) 100vw, 800px\"><\/figure>\n\n\n\n<figure class=\"wp-block-image size-large\"><img loading=\"lazy\" decoding=\"async\" width=\"800\" height=\"600\" data-id=\"884\" src=\"https:\/\/rops-opole.pl\/wp-content\/uploads\/2020\/08\/21.jpg\" alt=\"Opolskie przeciw przemocy\" class=\"wp-image-884\" srcset=\"https:\/\/rops-opole.pl\/wp-content\/uploads\/2020\/08\/21.jpg 800w, https:\/\/rops-opole.pl\/wp-content\/uploads\/2020\/08\/21-789x592.jpg 789w, https:\/\/rops-opole.pl\/wp-content\/uploads\/2020\/08\/21-237x178.jpg 237w\" sizes=\"(max-width: 800px) 100vw, 800px\"><\/figure>\n\n\n\n<figure class=\"wp-block-image size-large\"><img loading=\"lazy\" decoding=\"async\" width=\"800\" height=\"600\" data-id=\"885\" src=\"https:\/\/rops-opole.pl\/wp-content\/uploads\/2020\/08\/22.jpg\" alt=\"Opolskie przeciw przemocy\" class=\"wp-image-885\" srcset=\"https:\/\/rops-opole.pl\/wp-content\/uploads\/2020\/08\/22.jpg 800w, https:\/\/rops-opole.pl\/wp-content\/uploads\/2020\/08\/22-789x592.jpg 789w, https:\/\/rops-opole.pl\/wp-content\/uploads\/2020\/08\/22-237x178.jpg 237w\" sizes=\"(max-width: 800px) 100vw, 800px\"><\/figure>\n<figcaption class=\"blocks-gallery-caption wp-element-caption\"><strong>Zdj\u0119cia z konferencji<\/strong><\/figcaption><\/figure>\n\n\n\n<p>17 czerwca 2010 r. odby\u0142a si\u0119 kampania spo\u0142eczno \u2013 informacyjna, kt\u00f3rej jednym z element\u00f3w by\u0142\u00a0<strong>marsz przeciwko przemocy<\/strong>. W marszu udzia\u0142 wzi\u0119li uczniowie z 11 opolskich szk\u00f3\u0142, m\u0142odzie\u017c i nauczyciele z Ochotniczego Hufca Pracy w Opolu, kilkadziesi\u0105t os\u00f3b niepe\u0142nosprawnych, w tym z Fundacji \u201eDom rodzinnej rehabilitacji dzieci z pora\u017ceniem m\u00f3zgowym\u201d w Opolu prowadzonej przez Teres\u0119 i Kazimierza Jednor\u00f3g, a tak\u017ce mieszka\u0144cy Opola (\u0142\u0105cznie ponad 400 os\u00f3b). Przez ca\u0142y dzie\u0144 na telebimach wy\u015bwietlany by\u0142 spot antyprzemocowy (stworzony specjalnie dla tej kampanii), w dw\u00f3ch najbardziej ucz\u0119szczanych punktach miasta Opola, tj. przy Ratuszu oraz przy Realu na ul. Sosnkowskiego. Wolontariusze, ubrani w charakterystyczne koszulki z napisem \u201eOpolskie przeciwko przemocy\u201d kolportowali ulotki oraz plakaty zwi\u0105zane z tematem przemocy. Ponadto, bezpo\u015brednio po marszu, na deskach sceny, znajduj\u0105cej si\u0119 przy Ratuszu w Opolu w godz. 10.30 do 14.30 odbywa\u0142y si\u0119 spektakle oraz wyst\u0119py artystyczne, maj\u0105ce zwr\u00f3ci\u0107 uwag\u0119 i uwra\u017cliwi\u0107 na problem przemocy. W\u015br\u00f3d wyst\u0119puj\u0105cych na scenie go\u015bcili\u015bmy m.in.: orkiestr\u0119 d\u0119t\u0105 dzia\u0142aj\u0105c\u0105 przy Zespole Szk\u00f3\u0142 Elektrycznych i Politechnice Opolskiej, zesp\u00f3\u0142 teatralny kobiet odbywaj\u0105cych kary pozbawienia wolno\u015bci w Zak\u0142adzie Karnym w Lubli\u0144cu (dwa przedstawienia \u201eW\u0119z\u0142y \u017cycia\u201d oraz \u201eNic nie zrobi\u0142am\u201d), zesp\u00f3\u0142 wokalny z Publicznego Gimnazjum nr V w Opolu, wyst\u0119p teatru amatorskiego JaCyMy z Bytomia i ich dram\u0119 pt. \u201eChleb powszedni\u201d, Studio Piosenki Debiut z MDK w Opolu, grup\u0119 teatraln\u0105 z VI Liceum Og\u00f3lnokszta\u0142c\u0105cego w Opolu z ich przedstawieniem pn. \u201eRomeo i Julia\u201d. Spotkaniu towarzyszy\u0142 pokaz ta\u0144ca towarzyskiego samba w wykonaniu uczni\u00f3w z Publicznego Liceum Og\u00f3lnokszta\u0142c\u0105cego nr 5 i Liceum Plastycznego w Opolu.<\/p>\n\n\n\n<p>W tym dniu mieszka\u0144cy Opolszczyzny mogli korzysta\u0107 tak\u017ce z bezp\u0142atnych porad prawnika, psycholog\u00f3w i policjanta.<\/p>\n\n\n\n<figure class=\"wp-block-gallery has-nested-images columns-default is-cropped wp-block-gallery-2 is-layout-flex wp-block-gallery-is-layout-flex\">\n<figure class=\"wp-block-image size-large\"><img loading=\"lazy\" decoding=\"async\" width=\"800\" height=\"536\" data-id=\"888\" src=\"https:\/\/rops-opole.pl\/wp-content\/uploads\/2020\/08\/01-3.jpg\" alt=\"Opolskie przeciw przemocy\" class=\"wp-image-888\" srcset=\"https:\/\/rops-opole.pl\/wp-content\/uploads\/2020\/08\/01-3.jpg 800w, https:\/\/rops-opole.pl\/wp-content\/uploads\/2020\/08\/01-3-266x178.jpg 266w\" sizes=\"(max-width: 800px) 100vw, 800px\"><\/figure>\n\n\n\n<figure class=\"wp-block-image size-large\"><img loading=\"lazy\" decoding=\"async\" width=\"800\" height=\"536\" data-id=\"889\" src=\"https:\/\/rops-opole.pl\/wp-content\/uploads\/2020\/08\/02-3.jpg\" alt=\"Opolskie przeciw przemocy\" class=\"wp-image-889\" srcset=\"https:\/\/rops-opole.pl\/wp-content\/uploads\/2020\/08\/02-3.jpg 800w, https:\/\/rops-opole.pl\/wp-content\/uploads\/2020\/08\/02-3-266x178.jpg 266w\" sizes=\"(max-width: 800px) 100vw, 800px\"><\/figure>\n\n\n\n<figure class=\"wp-block-image size-large\"><img loading=\"lazy\" decoding=\"async\" width=\"800\" height=\"536\" data-id=\"890\" src=\"https:\/\/rops-opole.pl\/wp-content\/uploads\/2020\/08\/03-3.jpg\" alt=\"Opolskie przeciw przemocy\" class=\"wp-image-890\" srcset=\"https:\/\/rops-opole.pl\/wp-content\/uploads\/2020\/08\/03-3.jpg 800w, https:\/\/rops-opole.pl\/wp-content\/uploads\/2020\/08\/03-3-266x178.jpg 266w\" sizes=\"(max-width: 800px) 100vw, 800px\"><\/figure>\n\n\n\n<figure class=\"wp-block-image size-large\"><img loading=\"lazy\" decoding=\"async\" width=\"800\" height=\"536\" data-id=\"891\" src=\"https:\/\/rops-opole.pl\/wp-content\/uploads\/2020\/08\/04-3.jpg\" alt=\"Opolskie przeciw przemocy\" class=\"wp-image-891\" srcset=\"https:\/\/rops-opole.pl\/wp-content\/uploads\/2020\/08\/04-3.jpg 800w, https:\/\/rops-opole.pl\/wp-content\/uploads\/2020\/08\/04-3-266x178.jpg 266w\" sizes=\"(max-width: 800px) 100vw, 800px\"><\/figure>\n\n\n\n<figure class=\"wp-block-image size-large\"><img loading=\"lazy\" decoding=\"async\" width=\"800\" height=\"536\" data-id=\"892\" src=\"https:\/\/rops-opole.pl\/wp-content\/uploads\/2020\/08\/05-3.jpg\" alt=\"Opolskie przeciw przemocy\" class=\"wp-image-892\" srcset=\"https:\/\/rops-opole.pl\/wp-content\/uploads\/2020\/08\/05-3.jpg 800w, https:\/\/rops-opole.pl\/wp-content\/uploads\/2020\/08\/05-3-266x178.jpg 266w\" sizes=\"(max-width: 800px) 100vw, 800px\"><\/figure>\n\n\n\n<figure class=\"wp-block-image size-large\"><img loading=\"lazy\" decoding=\"async\" width=\"800\" height=\"536\" data-id=\"893\" src=\"https:\/\/rops-opole.pl\/wp-content\/uploads\/2020\/08\/06-3.jpg\" alt=\" Opolskie przeciw przemocy\" class=\"wp-image-893\" srcset=\"https:\/\/rops-opole.pl\/wp-content\/uploads\/2020\/08\/06-3.jpg 800w, https:\/\/rops-opole.pl\/wp-content\/uploads\/2020\/08\/06-3-266x178.jpg 266w\" sizes=\"(max-width: 800px) 100vw, 800px\"><\/figure>\n\n\n\n<figure class=\"wp-block-image size-large\"><img loading=\"lazy\" decoding=\"async\" width=\"800\" height=\"536\" data-id=\"894\" src=\"https:\/\/rops-opole.pl\/wp-content\/uploads\/2020\/08\/07-3.jpg\" alt='Przemarsz w ramach projektu \"Opolskie przeciw przemocy\"' class=\"wp-image-894\" srcset=\"https:\/\/rops-opole.pl\/wp-content\/uploads\/2020\/08\/07-3.jpg 800w, https:\/\/rops-opole.pl\/wp-content\/uploads\/2020\/08\/07-3-266x178.jpg 266w\" sizes=\"(max-width: 800px) 100vw, 800px\"><\/figure>\n\n\n\n<figure class=\"wp-block-image size-large\"><img loading=\"lazy\" decoding=\"async\" width=\"800\" height=\"536\" data-id=\"895\" src=\"https:\/\/rops-opole.pl\/wp-content\/uploads\/2020\/08\/08-3.jpg\" alt=\"Opolskie przeciw przemocy\" class=\"wp-image-895\" srcset=\"https:\/\/rops-opole.pl\/wp-content\/uploads\/2020\/08\/08-3.jpg 800w, https:\/\/rops-opole.pl\/wp-content\/uploads\/2020\/08\/08-3-266x178.jpg 266w\" sizes=\"(max-width: 800px) 100vw, 800px\"><\/figure>\n\n\n\n<figure class=\"wp-block-image size-large\"><img loading=\"lazy\" decoding=\"async\" width=\"800\" height=\"536\" data-id=\"896\" src=\"https:\/\/rops-opole.pl\/wp-content\/uploads\/2020\/08\/09-3.jpg\" alt=\"Opolskie przeciw przemocy\" class=\"wp-image-896\" srcset=\"https:\/\/rops-opole.pl\/wp-content\/uploads\/2020\/08\/09-3.jpg 800w, https:\/\/rops-opole.pl\/wp-content\/uploads\/2020\/08\/09-3-266x178.jpg 266w\" sizes=\"(max-width: 800px) 100vw, 800px\"><\/figure>\n\n\n\n<figure class=\"wp-block-image size-large\"><img loading=\"lazy\" decoding=\"async\" width=\"800\" height=\"536\" data-id=\"897\" src=\"https:\/\/rops-opole.pl\/wp-content\/uploads\/2020\/08\/10-3.jpg\" alt=\"Opolskie przeciw przemocy\" class=\"wp-image-897\" srcset=\"https:\/\/rops-opole.pl\/wp-content\/uploads\/2020\/08\/10-3.jpg 800w, https:\/\/rops-opole.pl\/wp-content\/uploads\/2020\/08\/10-3-266x178.jpg 266w\" sizes=\"(max-width: 800px) 100vw, 800px\"><\/figure>\n\n\n\n<figure class=\"wp-block-image size-large\"><img loading=\"lazy\" decoding=\"async\" width=\"800\" height=\"536\" data-id=\"898\" src=\"https:\/\/rops-opole.pl\/wp-content\/uploads\/2020\/08\/11-3.jpg\" alt=\"Opolskie przeciw przemocy\" class=\"wp-image-898\" srcset=\"https:\/\/rops-opole.pl\/wp-content\/uploads\/2020\/08\/11-3.jpg 800w, https:\/\/rops-opole.pl\/wp-content\/uploads\/2020\/08\/11-3-266x178.jpg 266w\" sizes=\"(max-width: 800px) 100vw, 800px\"><\/figure>\n\n\n\n<figure class=\"wp-block-image size-large\"><img loading=\"lazy\" decoding=\"async\" width=\"800\" height=\"536\" data-id=\"899\" src=\"https:\/\/rops-opole.pl\/wp-content\/uploads\/2020\/08\/12-3.jpg\" alt=\"Opolskie przeciw przemocy\" class=\"wp-image-899\" srcset=\"https:\/\/rops-opole.pl\/wp-content\/uploads\/2020\/08\/12-3.jpg 800w, https:\/\/rops-opole.pl\/wp-content\/uploads\/2020\/08\/12-3-266x178.jpg 266w\" sizes=\"(max-width: 800px) 100vw, 800px\"><\/figure>\n\n\n\n<figure class=\"wp-block-image size-large\"><img loading=\"lazy\" decoding=\"async\" width=\"800\" height=\"536\" data-id=\"900\" src=\"https:\/\/rops-opole.pl\/wp-content\/uploads\/2020\/08\/13-3.jpg\" alt=\"Opolskie przeciw przemocy\" class=\"wp-image-900\" srcset=\"https:\/\/rops-opole.pl\/wp-content\/uploads\/2020\/08\/13-3.jpg 800w, https:\/\/rops-opole.pl\/wp-content\/uploads\/2020\/08\/13-3-266x178.jpg 266w\" sizes=\"(max-width: 800px) 100vw, 800px\"><\/figure>\n\n\n\n<figure class=\"wp-block-image size-large\"><img loading=\"lazy\" decoding=\"async\" width=\"800\" height=\"536\" data-id=\"901\" src=\"https:\/\/rops-opole.pl\/wp-content\/uploads\/2020\/08\/14-3.jpg\" alt=\"Opolskie przeciw przemocy\" class=\"wp-image-901\" srcset=\"https:\/\/rops-opole.pl\/wp-content\/uploads\/2020\/08\/14-3.jpg 800w, https:\/\/rops-opole.pl\/wp-content\/uploads\/2020\/08\/14-3-266x178.jpg 266w\" sizes=\"(max-width: 800px) 100vw, 800px\"><\/figure>\n\n\n\n<figure class=\"wp-block-image size-large\"><img loading=\"lazy\" decoding=\"async\" width=\"800\" height=\"536\" data-id=\"902\" src=\"https:\/\/rops-opole.pl\/wp-content\/uploads\/2020\/08\/15-2.jpg\" alt=\"Opolskie przeciw przemocy\" class=\"wp-image-902\" srcset=\"https:\/\/rops-opole.pl\/wp-content\/uploads\/2020\/08\/15-2.jpg 800w, https:\/\/rops-opole.pl\/wp-content\/uploads\/2020\/08\/15-2-266x178.jpg 266w\" sizes=\"(max-width: 800px) 100vw, 800px\"><\/figure>\n\n\n\n<figure class=\"wp-block-image size-large\"><img loading=\"lazy\" decoding=\"async\" width=\"800\" height=\"536\" data-id=\"903\" src=\"https:\/\/rops-opole.pl\/wp-content\/uploads\/2020\/08\/16-2.jpg\" alt=\"Opolskie przeciw przemocy\" class=\"wp-image-903\" srcset=\"https:\/\/rops-opole.pl\/wp-content\/uploads\/2020\/08\/16-2.jpg 800w, https:\/\/rops-opole.pl\/wp-content\/uploads\/2020\/08\/16-2-266x178.jpg 266w\" sizes=\"(max-width: 800px) 100vw, 800px\"><\/figure>\n\n\n\n<figure class=\"wp-block-image size-large\"><img loading=\"lazy\" decoding=\"async\" width=\"800\" height=\"536\" data-id=\"904\" src=\"https:\/\/rops-opole.pl\/wp-content\/uploads\/2020\/08\/17-2.jpg\" alt=\"Opolskie przeciw przemocy\" class=\"wp-image-904\" srcset=\"https:\/\/rops-opole.pl\/wp-content\/uploads\/2020\/08\/17-2.jpg 800w, https:\/\/rops-opole.pl\/wp-content\/uploads\/2020\/08\/17-2-266x178.jpg 266w\" sizes=\"(max-width: 800px) 100vw, 800px\"><\/figure>\n\n\n\n<figure class=\"wp-block-image size-large\"><img loading=\"lazy\" decoding=\"async\" width=\"800\" height=\"536\" data-id=\"905\" src=\"https:\/\/rops-opole.pl\/wp-content\/uploads\/2020\/08\/18-2.jpg\" alt=\"Opolskie przeciw przemocy\" class=\"wp-image-905\" srcset=\"https:\/\/rops-opole.pl\/wp-content\/uploads\/2020\/08\/18-2.jpg 800w, https:\/\/rops-opole.pl\/wp-content\/uploads\/2020\/08\/18-2-266x178.jpg 266w\" sizes=\"(max-width: 800px) 100vw, 800px\"><\/figure>\n\n\n\n<figure class=\"wp-block-image size-large\"><img loading=\"lazy\" decoding=\"async\" width=\"800\" height=\"536\" data-id=\"906\" src=\"https:\/\/rops-opole.pl\/wp-content\/uploads\/2020\/08\/19-1.jpg\" alt=\"Opolskie przeciw przemocy\" class=\"wp-image-906\" srcset=\"https:\/\/rops-opole.pl\/wp-content\/uploads\/2020\/08\/19-1.jpg 800w, https:\/\/rops-opole.pl\/wp-content\/uploads\/2020\/08\/19-1-266x178.jpg 266w\" sizes=\"(max-width: 800px) 100vw, 800px\"><\/figure>\n\n\n\n<figure class=\"wp-block-image size-large\"><img loading=\"lazy\" decoding=\"async\" width=\"800\" height=\"536\" data-id=\"907\" src=\"https:\/\/rops-opole.pl\/wp-content\/uploads\/2020\/08\/20-1.jpg\" alt=\"Opolskie przeciw przemocy\" class=\"wp-image-907\" srcset=\"https:\/\/rops-opole.pl\/wp-content\/uploads\/2020\/08\/20-1.jpg 800w, https:\/\/rops-opole.pl\/wp-content\/uploads\/2020\/08\/20-1-266x178.jpg 266w\" sizes=\"(max-width: 800px) 100vw, 800px\"><\/figure>\n\n\n\n<figure class=\"wp-block-image size-large\"><img loading=\"lazy\" decoding=\"async\" width=\"800\" height=\"536\" data-id=\"908\" src=\"https:\/\/rops-opole.pl\/wp-content\/uploads\/2020\/08\/21-1.jpg\" alt=\"Opolskie przeciw przemocy\" class=\"wp-image-908\" srcset=\"https:\/\/rops-opole.pl\/wp-content\/uploads\/2020\/08\/21-1.jpg 800w, https:\/\/rops-opole.pl\/wp-content\/uploads\/2020\/08\/21-1-266x178.jpg 266w\" sizes=\"(max-width: 800px) 100vw, 800px\"><\/figure>\n\n\n\n<figure class=\"wp-block-image size-large\"><img loading=\"lazy\" decoding=\"async\" width=\"800\" height=\"536\" data-id=\"909\" src=\"https:\/\/rops-opole.pl\/wp-content\/uploads\/2020\/08\/22-1.jpg\" alt=\"Opolskie przeciw przemocy\" class=\"wp-image-909\" srcset=\"https:\/\/rops-opole.pl\/wp-content\/uploads\/2020\/08\/22-1.jpg 800w, https:\/\/rops-opole.pl\/wp-content\/uploads\/2020\/08\/22-1-266x178.jpg 266w\" sizes=\"(max-width: 800px) 100vw, 800px\"><\/figure>\n\n\n\n<figure class=\"wp-block-image size-large\"><img loading=\"lazy\" decoding=\"async\" width=\"800\" height=\"536\" data-id=\"910\" src=\"https:\/\/rops-opole.pl\/wp-content\/uploads\/2020\/08\/23.jpg\" alt=\"Opolskie przeciw przemocy\" class=\"wp-image-910\" srcset=\"https:\/\/rops-opole.pl\/wp-content\/uploads\/2020\/08\/23.jpg 800w, https:\/\/rops-opole.pl\/wp-content\/uploads\/2020\/08\/23-266x178.jpg 266w\" sizes=\"(max-width: 800px) 100vw, 800px\"><\/figure>\n\n\n\n<figure class=\"wp-block-image size-large\"><img loading=\"lazy\" decoding=\"async\" width=\"800\" height=\"536\" data-id=\"911\" src=\"https:\/\/rops-opole.pl\/wp-content\/uploads\/2020\/08\/24.jpg\" alt=\"Opolskie przeciw przemocy\" class=\"wp-image-911\" srcset=\"https:\/\/rops-opole.pl\/wp-content\/uploads\/2020\/08\/24.jpg 800w, https:\/\/rops-opole.pl\/wp-content\/uploads\/2020\/08\/24-266x178.jpg 266w\" sizes=\"(max-width: 800px) 100vw, 800px\"><\/figure>\n\n\n\n<figure class=\"wp-block-image size-large\"><img loading=\"lazy\" decoding=\"async\" width=\"800\" height=\"536\" data-id=\"912\" src=\"https:\/\/rops-opole.pl\/wp-content\/uploads\/2020\/08\/25.jpg\" alt=\"Opolskie przeciw przemocy\" class=\"wp-image-912\" srcset=\"https:\/\/rops-opole.pl\/wp-content\/uploads\/2020\/08\/25.jpg 800w, https:\/\/rops-opole.pl\/wp-content\/uploads\/2020\/08\/25-266x178.jpg 266w\" sizes=\"(max-width: 800px) 100vw, 800px\"><\/figure>\n\n\n\n<figure class=\"wp-block-image size-large\"><img loading=\"lazy\" decoding=\"async\" width=\"800\" height=\"536\" data-id=\"913\" src=\"https:\/\/rops-opole.pl\/wp-content\/uploads\/2020\/08\/26.jpg\" alt=\"Opolskie przeciw przemocy\" class=\"wp-image-913\" srcset=\"https:\/\/rops-opole.pl\/wp-content\/uploads\/2020\/08\/26.jpg 800w, https:\/\/rops-opole.pl\/wp-content\/uploads\/2020\/08\/26-266x178.jpg 266w\" sizes=\"(max-width: 800px) 100vw, 800px\"><\/figure>\n\n\n\n<figure class=\"wp-block-image size-large\"><img loading=\"lazy\" decoding=\"async\" width=\"800\" height=\"536\" data-id=\"914\" src=\"https:\/\/rops-opole.pl\/wp-content\/uploads\/2020\/08\/27.jpg\" alt=\"Opolskie przeciw przemocy\" class=\"wp-image-914\" srcset=\"https:\/\/rops-opole.pl\/wp-content\/uploads\/2020\/08\/27.jpg 800w, https:\/\/rops-opole.pl\/wp-content\/uploads\/2020\/08\/27-266x178.jpg 266w\" sizes=\"(max-width: 800px) 100vw, 800px\"><\/figure>\n\n\n\n<figure class=\"wp-block-image size-large\"><img loading=\"lazy\" decoding=\"async\" width=\"800\" height=\"536\" data-id=\"915\" src=\"https:\/\/rops-opole.pl\/wp-content\/uploads\/2020\/08\/28.jpg\" alt=\"Opolskie przeciw przemocy\" class=\"wp-image-915\" srcset=\"https:\/\/rops-opole.pl\/wp-content\/uploads\/2020\/08\/28.jpg 800w, https:\/\/rops-opole.pl\/wp-content\/uploads\/2020\/08\/28-266x178.jpg 266w\" sizes=\"(max-width: 800px) 100vw, 800px\"><\/figure>\n\n\n\n<figure class=\"wp-block-image size-large\"><img loading=\"lazy\" decoding=\"async\" width=\"800\" height=\"536\" data-id=\"916\" src=\"https:\/\/rops-opole.pl\/wp-content\/uploads\/2020\/08\/29.jpg\" alt=\"Opolskie przeciw przemocy\" class=\"wp-image-916\" srcset=\"https:\/\/rops-opole.pl\/wp-content\/uploads\/2020\/08\/29.jpg 800w, https:\/\/rops-opole.pl\/wp-content\/uploads\/2020\/08\/29-266x178.jpg 266w\" sizes=\"(max-width: 800px) 100vw, 800px\"><\/figure>\n\n\n\n<figure class=\"wp-block-image size-large\"><img loading=\"lazy\" decoding=\"async\" width=\"800\" height=\"600\" data-id=\"917\" src=\"https:\/\/rops-opole.pl\/wp-content\/uploads\/2020\/08\/30.jpg\" alt=\"Opolskie przeciw przemocy\" class=\"wp-image-917\" srcset=\"https:\/\/rops-opole.pl\/wp-content\/uploads\/2020\/08\/30.jpg 800w, https:\/\/rops-opole.pl\/wp-content\/uploads\/2020\/08\/30-789x592.jpg 789w, https:\/\/rops-opole.pl\/wp-content\/uploads\/2020\/08\/30-237x178.jpg 237w\" sizes=\"(max-width: 800px) 100vw, 800px\"><\/figure>\n\n\n\n<figure class=\"wp-block-image size-large\"><img loading=\"lazy\" decoding=\"async\" width=\"800\" height=\"600\" data-id=\"918\" src=\"https:\/\/rops-opole.pl\/wp-content\/uploads\/2020\/08\/31.jpg\" alt=\"Opolskie przeciw przemocy\" class=\"wp-image-918\" srcset=\"https:\/\/rops-opole.pl\/wp-content\/uploads\/2020\/08\/31.jpg 800w, https:\/\/rops-opole.pl\/wp-content\/uploads\/2020\/08\/31-789x592.jpg 789w, https:\/\/rops-opole.pl\/wp-content\/uploads\/2020\/08\/31-237x178.jpg 237w\" sizes=\"(max-width: 800px) 100vw, 800px\"><\/figure>\n\n\n\n<figure class=\"wp-block-image size-large\"><img loading=\"lazy\" decoding=\"async\" width=\"796\" height=\"600\" data-id=\"919\" src=\"https:\/\/rops-opole.pl\/wp-content\/uploads\/2020\/08\/32.jpg\" alt=\"Opolskie przeciw przemocy\" class=\"wp-image-919\" srcset=\"https:\/\/rops-opole.pl\/wp-content\/uploads\/2020\/08\/32.jpg 796w, https:\/\/rops-opole.pl\/wp-content\/uploads\/2020\/08\/32-785x592.jpg 785w, https:\/\/rops-opole.pl\/wp-content\/uploads\/2020\/08\/32-236x178.jpg 236w\" sizes=\"(max-width: 796px) 100vw, 796px\"><\/figure>\n\n\n\n<figure class=\"wp-block-image size-large\"><img loading=\"lazy\" decoding=\"async\" width=\"800\" height=\"600\" data-id=\"920\" src=\"https:\/\/rops-opole.pl\/wp-content\/uploads\/2020\/08\/33.jpg\" alt=\"Opolskie przeciw przemocy\" class=\"wp-image-920\" srcset=\"https:\/\/rops-opole.pl\/wp-content\/uploads\/2020\/08\/33.jpg 800w, https:\/\/rops-opole.pl\/wp-content\/uploads\/2020\/08\/33-789x592.jpg 789w, https:\/\/rops-opole.pl\/wp-content\/uploads\/2020\/08\/33-237x178.jpg 237w\" sizes=\"(max-width: 800px) 100vw, 800px\"><\/figure>\n\n\n\n<figure class=\"wp-block-image size-large\"><img loading=\"lazy\" decoding=\"async\" width=\"800\" height=\"600\" data-id=\"921\" src=\"https:\/\/rops-opole.pl\/wp-content\/uploads\/2020\/08\/34.jpg\" alt=\"Opolskie przeciw przemocy\" class=\"wp-image-921\" srcset=\"https:\/\/rops-opole.pl\/wp-content\/uploads\/2020\/08\/34.jpg 800w, https:\/\/rops-opole.pl\/wp-content\/uploads\/2020\/08\/34-789x592.jpg 789w, https:\/\/rops-opole.pl\/wp-content\/uploads\/2020\/08\/34-237x178.jpg 237w\" sizes=\"(max-width: 800px) 100vw, 800px\"><\/figure>\n\n\n\n<figure class=\"wp-block-image size-large\"><img loading=\"lazy\" decoding=\"async\" width=\"800\" height=\"600\" data-id=\"922\" src=\"https:\/\/rops-opole.pl\/wp-content\/uploads\/2020\/08\/35.jpg\" alt=\"Opolskie przeciw przemocy\" class=\"wp-image-922\" srcset=\"https:\/\/rops-opole.pl\/wp-content\/uploads\/2020\/08\/35.jpg 800w, https:\/\/rops-opole.pl\/wp-content\/uploads\/2020\/08\/35-789x592.jpg 789w, https:\/\/rops-opole.pl\/wp-content\/uploads\/2020\/08\/35-237x178.jpg 237w\" sizes=\"(max-width: 800px) 100vw, 800px\"><\/figure>\n\n\n\n<figure class=\"wp-block-image size-large\"><img loading=\"lazy\" decoding=\"async\" width=\"800\" height=\"600\" data-id=\"923\" src=\"https:\/\/rops-opole.pl\/wp-content\/uploads\/2020\/08\/36.jpg\" alt=\"Opolskie przeciw przemocy\" class=\"wp-image-923\" srcset=\"https:\/\/rops-opole.pl\/wp-content\/uploads\/2020\/08\/36.jpg 800w, https:\/\/rops-opole.pl\/wp-content\/uploads\/2020\/08\/36-789x592.jpg 789w, https:\/\/rops-opole.pl\/wp-content\/uploads\/2020\/08\/36-237x178.jpg 237w\" sizes=\"(max-width: 800px) 100vw, 800px\"><\/figure>\n\n\n\n<figure class=\"wp-block-image size-large\"><img loading=\"lazy\" decoding=\"async\" width=\"800\" height=\"600\" data-id=\"924\" src=\"https:\/\/rops-opole.pl\/wp-content\/uploads\/2020\/08\/37.jpg\" alt=\"Opolskie przeciw przemocy\" class=\"wp-image-924\" srcset=\"https:\/\/rops-opole.pl\/wp-content\/uploads\/2020\/08\/37.jpg 800w, https:\/\/rops-opole.pl\/wp-content\/uploads\/2020\/08\/37-789x592.jpg 789w, https:\/\/rops-opole.pl\/wp-content\/uploads\/2020\/08\/37-237x178.jpg 237w\" sizes=\"(max-width: 800px) 100vw, 800px\"><\/figure>\n\n\n\n<figure class=\"wp-block-image size-large\"><img loading=\"lazy\" decoding=\"async\" width=\"800\" height=\"600\" data-id=\"925\" src=\"https:\/\/rops-opole.pl\/wp-content\/uploads\/2020\/08\/38.jpg\" alt=\"Opolskie przeciw przemocy\" class=\"wp-image-925\" srcset=\"https:\/\/rops-opole.pl\/wp-content\/uploads\/2020\/08\/38.jpg 800w, https:\/\/rops-opole.pl\/wp-content\/uploads\/2020\/08\/38-789x592.jpg 789w, https:\/\/rops-opole.pl\/wp-content\/uploads\/2020\/08\/38-237x178.jpg 237w\" sizes=\"(max-width: 800px) 100vw, 800px\"><\/figure>\n\n\n\n<figure class=\"wp-block-image size-large\"><img loading=\"lazy\" decoding=\"async\" width=\"800\" height=\"600\" data-id=\"926\" src=\"https:\/\/rops-opole.pl\/wp-content\/uploads\/2020\/08\/39.jpg\" alt='Przemarsz w ramach projektu \"Opolskie przeciw przemocy\"' class=\"wp-image-926\" srcset=\"https:\/\/rops-opole.pl\/wp-content\/uploads\/2020\/08\/39.jpg 800w, https:\/\/rops-opole.pl\/wp-content\/uploads\/2020\/08\/39-789x592.jpg 789w, https:\/\/rops-opole.pl\/wp-content\/uploads\/2020\/08\/39-237x178.jpg 237w\" sizes=\"(max-width: 800px) 100vw, 800px\"><\/figure>\n\n\n\n<figure class=\"wp-block-image size-large\"><img loading=\"lazy\" decoding=\"async\" width=\"800\" height=\"600\" data-id=\"927\" src=\"https:\/\/rops-opole.pl\/wp-content\/uploads\/2020\/08\/40.jpg\" alt=\"Opolskie przeciw przemocy\" class=\"wp-image-927\" srcset=\"https:\/\/rops-opole.pl\/wp-content\/uploads\/2020\/08\/40.jpg 800w, https:\/\/rops-opole.pl\/wp-content\/uploads\/2020\/08\/40-789x592.jpg 789w, https:\/\/rops-opole.pl\/wp-content\/uploads\/2020\/08\/40-237x178.jpg 237w\" sizes=\"(max-width: 800px) 100vw, 800px\"><\/figure>\n\n\n\n<figure class=\"wp-block-image size-large\"><img loading=\"lazy\" decoding=\"async\" width=\"800\" height=\"600\" data-id=\"928\" src=\"https:\/\/rops-opole.pl\/wp-content\/uploads\/2020\/08\/41.jpg\" alt=\"Opolskie przeciw przemocy\" class=\"wp-image-928\" srcset=\"https:\/\/rops-opole.pl\/wp-content\/uploads\/2020\/08\/41.jpg 800w, https:\/\/rops-opole.pl\/wp-content\/uploads\/2020\/08\/41-789x592.jpg 789w, https:\/\/rops-opole.pl\/wp-content\/uploads\/2020\/08\/41-237x178.jpg 237w\" sizes=\"(max-width: 800px) 100vw, 800px\"><\/figure>\n<figcaption class=\"blocks-gallery-caption wp-element-caption\"><strong>Zdj\u0119cia z kampanii spo\u0142eczno \u2013 informacyjnej<\/strong><\/figcaption><\/figure>\n\n\n\n<hr class=\"wp-block-separator has-css-opacity\">\n\n\n\n<p>Zar\u00f3wno przemarsz, jak i wyst\u0119py na scenie przed opolskim Ratuszem, spotka\u0142y si\u0119 z bardzo \u017cyczliwym zainteresowaniem i przyj\u0119ciem zar\u00f3wno mieszka\u0144c\u00f3w Opola, jak i towarzysz\u0105cych kampanii medi\u00f3w.<\/p>\n\n\n\n<p>Kolejnym punktem dzia\u0142a\u0144 b\u0119dzie organizacja trzech dwudniowych paneli\u00a0<strong>szkoleniowych<\/strong>\u00a0dla 60 os\u00f3b. Pierwszy modu\u0142 zostanie po\u015bwi\u0119cony profilaktyce przemocy, drugi przybli\u017ceniu osoby ofiary i trzeci skupiony b\u0119dzie wok\u00f3\u0142 osoby sprawcy. Ten element projektu zrealizowany zostanie jesieni\u0105 br.<\/p>\n\n\n\n<p>Trwa\u0142ym rezultatem projektu b\u0119dzie kompleksowe wyposa\u017cenie oraz uruchomienie dw\u00f3ch niebieskich pokoi, a tak\u017ce wydanie publikacji, zawieraj\u0105cej m.in. wyniki przeprowadzonej diagnozy zjawiska przemocy na osobach starszych i niepe\u0142nosprawnych na Opolszczy\u017anie, porady i adresy plac\u00f3wek, do kt\u00f3rych mo\u017ce zg\u0142osi\u0107 si\u0119 osoba do\u015bwiadczaj\u0105ca przemocy.<\/p>\n\n\n\n<hr class=\"wp-block-separator has-css-opacity\">\n\n\n\n<p><strong>Materia\u0142y szkoleniowe<\/strong><\/p>\n\n\n\n<p><a href=\"\/wp-content\/uploads\/projekty\/opolskie-przeciw-przemocy\/Sytuacja%20prawna%20ofiar%20przemocy-nowe%20obowiazki%20administracji%20publicznej%20-%20materialy%20szkoleniowe.pptx\" target=\"_blank\" rel=\"noreferrer noopener\" aria-label=\"\u201eSytuacja prawna ofiar przemocy \u2013 nowe obowi\u0105zki administracji publicznej\u201d \u2013 13-14.12.2010 r. (otworzy si\u0119 w nowym oknie)\" class=\"target-blank use-tooltip\">\u201eSytuacja prawna ofiar przemocy \u2013 nowe obowi\u0105zki administracji publicznej\u201d \u2013 13-14.12.2010 r.<svg aria-hidden=\"true\" class=\"icon-new-window\" viewbox=\"0 0 1792 1792\"><path d=\"M1408 960v-128q0-26-19-45t-45-19h-320v-320q0-26-19-45t-45-19h-128q-26 0-45 19t-19 45v320h-320q-26 0-45 19t-19 45v128q0 26 19 45t45 19h320v320q0 26 19 45t45 19h128q26 0 45-19t19-45v-320h320q26 0 45-19t19-45zm256-544v960q0 119-84.5 203.5t-203.5 84.5h-960q-119 0-203.5-84.5t-84.5-203.5v-960q0-119 84.5-203.5t203.5-84.5h960q119 0 203.5 84.5t84.5 203.5z\"><\/path><\/svg><span class=\"tooltip\">otworzy si\u0119 w nowym oknie<\/span><\/a><\/p>\n\n\n\n<p><a href=\"\/wp-content\/uploads\/projekty\/opolskie-przeciw-przemocy\/Praca%20z%20ofiara%20przemocy%20ze%20szczegolnym%20uwzglednieniem%20osob%20starszych%20i%20niepelnosprawnych-%20materialy%20szkoleniowe.pptx\" target=\"_blank\" rel=\"noreferrer noopener\" aria-label=\"\u201ePraca z ofiar\u0105 przemocy ze szczeg\u00f3lnym uwzgl\u0119dnieniem os\u00f3b starszych i niepe\u0142nosprawnych\u201d \u2013 15-16.12.2010 r. (otworzy si\u0119 w nowym oknie)\" class=\"target-blank use-tooltip\">\u201ePraca z ofiar\u0105 przemocy ze szczeg\u00f3lnym uwzgl\u0119dnieniem os\u00f3b starszych i niepe\u0142nosprawnych\u201d \u2013 15-16.12.2010 r.<svg aria-hidden=\"true\" class=\"icon-new-window\" viewbox=\"0 0 1792 1792\"><path d=\"M1408 960v-128q0-26-19-45t-45-19h-320v-320q0-26-19-45t-45-19h-128q-26 0-45 19t-19 45v320h-320q-26 0-45 19t-19 45v128q0 26 19 45t45 19h320v320q0 26 19 45t45 19h128q26 0 45-19t19-45v-320h320q26 0 45-19t19-45zm256-544v960q0 119-84.5 203.5t-203.5 84.5h-960q-119 0-203.5-84.5t-84.5-203.5v-960q0-119 84.5-203.5t203.5-84.5h960q119 0 203.5 84.5t84.5 203.5z\"><\/path><\/svg><span class=\"tooltip\">otworzy si\u0119 w nowym oknie<\/span><\/a><\/p>\n\n\n\n<p><a href=\"\/wp-content\/uploads\/projekty\/opolskie-przeciw-przemocy\/Praca%20ze%20sprawca%20przemocy%20w%20rodzinie-%20materialy%20szkoleniowe.docx\" target=\"_blank\" rel=\"noreferrer noopener\" class=\"target-blank use-tooltip\" aria-label=\"\u201ePraca ze sprawc\u0105 przemocy w rodzinie\u201d \u2013 16-17.12.2010 r. ( dokument MS Word, otworzy si\u0119 w nowym oknie)\">\u201ePraca ze sprawc\u0105 przemocy w rodzinie\u201d \u2013 16-17.12.2010 r.<svg aria-hidden=\"true\" class=\"icon-word\" viewbox=\"0 0 1792 1792\"><path d=\"M1596 380q28 28 48 76t20 88v1152q0 40-28 68t-68 28h-1344q-40 0-68-28t-28-68v-1600q0-40 28-68t68-28h896q40 0 88 20t76 48zm-444-244v376h376q-10-29-22-41l-313-313q-12-12-41-22zm384 1528v-1024h-416q-40 0-68-28t-28-68v-416h-768v1536h1280zm-1175-896v107h70l164 661h159l128-485q7-20 10-46 2-16 2-24h4l3 24q1 3 3.5 20t5.5 26l128 485h159l164-661h70v-107h-300v107h90l-99 438q-5 20-7 46l-2 21h-4l-3-21q-1-5-4-21t-5-25l-144-545h-114l-144 545q-2 9-4.5 24.5t-3.5 21.5l-4 21h-4l-2-21q-2-26-7-46l-99-438h90v-107h-300z\"><\/path><\/svg><svg aria-hidden=\"true\" class=\"icon-new-window\" viewbox=\"0 0 1792 1792\"><path d=\"M1408 960v-128q0-26-19-45t-45-19h-320v-320q0-26-19-45t-45-19h-128q-26 0-45 19t-19 45v320h-320q-26 0-45 19t-19 45v128q0 26 19 45t45 19h320v320q0 26 19 45t45 19h128q26 0 45-19t19-45v-320h320q26 0 45-19t19-45zm256-544v960q0 119-84.5 203.5t-203.5 84.5h-960q-119 0-203.5-84.5t-84.5-203.5v-960q0-119 84.5-203.5t203.5-84.5h960q119 0 203.5 84.5t84.5 203.5z\"><\/path><\/svg><span class=\"tooltip\"> dokument MS Word, otworzy si\u0119 w nowym oknie<\/span><\/a><\/p>\n\n","protected":false},"excerpt":{"rendered":null,"protected":false},"author":1,"featured_media":0,"parent":0,"menu_order":0,"comment_status":"closed","ping_status":"closed","template":"","meta":{"footnotes":""},"categories":[13,15],"tags":[],"class_list":["post-860","page","type-page","status-publish","hentry","category-projekty","category-zrealizowane"],"_links":{"self":[{"href":"https:\/\/rops-opole.pl\/index.php?rest_route=\/wp\/v2\/pages\/860","targetHints":{"allow":["GET"]}}],"collection":[{"href":"https:\/\/rops-opole.pl\/index.php?rest_route=\/wp\/v2\/pages"}],"about":[{"href":"https:\/\/rops-opole.pl\/index.php?rest_route=\/wp\/v2\/types\/page"}],"author":[{"embeddable":true,"href":"https:\/\/rops-opole.pl\/index.php?rest_route=\/wp\/v2\/users\/1"}],"replies":[{"embeddable":true,"href":"https:\/\/rops-opole.pl\/index.php?rest_route=%2Fwp%2Fv2%2Fcomments&post=860"}],"version-history":[{"count":21,"href":"https:\/\/rops-opole.pl\/index.php?rest_route=\/wp\/v2\/pages\/860\/revisions"}],"predecessor-version":[{"id":3316,"href":"https:\/\/rops-opole.pl\/index.php?rest_route=\/wp\/v2\/pages\/860\/revisions\/3316"}],"wp:attachment":[{"href":"https:\/\/rops-opole.pl\/index.php?rest_route=%2Fwp%2Fv2%2Fmedia&parent=860"}],"wp:term":[{"taxonomy":"category","embeddable":true,"href":"https:\/\/rops-opole.pl\/index.php?rest_route=%2Fwp%2Fv2%2Fcategories&post=860"},{"taxonomy":"post_tag","embeddable":true,"href":"https:\/\/rops-opole.pl\/index.php?rest_route=%2Fwp%2Fv2%2Ftags&post=860"}],"curies":[{"name":"wp","href":"https:\/\/api.w.org\/{rel}","templated":true}]}}