{"id":742,"date":"2020-08-04T09:47:15","date_gmt":"2020-08-04T07:47:15","guid":{"rendered":"http:\/\/test.rops-opole.pl\/?page_id=742"},"modified":"2023-09-08T13:51:41","modified_gmt":"2023-09-08T11:51:41","slug":"podnoszenie-kwalifikacji-kadry-pomocy-i-integracji-spolecznej-w-wojewodztwie-opolskim","status":"publish","type":"page","link":"https:\/\/rops-opole.pl\/?page_id=742","title":{"rendered":"Podnoszenie kwalifikacji kadry pomocy i integracji spo\u0142ecznej w wojew\u00f3dztwie opolskim"},"content":{"rendered":"\n<p><strong>Cel g\u0142\u00f3wny projektu<\/strong><br>Celem g\u0142\u00f3wnym projektu jest wzmocnienie potencja\u0142u oraz podniesienie kwalifikacji kadry pomocy i integracji spo\u0142ecznej , kadr prowadz\u0105cych prac\u0119 z rodzin\u0105, kadr publicznych s\u0142u\u017cb zatrudnienia i innych s\u0142u\u017cb obszaru woj. opolskiego oraz promocja i wdra\u017canie dzia\u0142a\u0144 na rzecz ekonomii spo\u0142ecznej i przeciwdzia\u0142anie wykluczeniu spo\u0142ecznemu w wojew\u00f3dztwie opolskim.<\/p>\n\n\n\n<p><strong>Cele szczeg\u00f3\u0142owe<\/strong><\/p>\n\n\n\n<ul class=\"wp-block-list\">\n<li>Udoskonalenie i\/lub nabycie umiej\u0119tno\u015bci zawodowych kadry pomocy i integracji spo\u0142ecznej kadry prowadz\u0105cej prac\u0119 z rodzin\u0105, kadr publicznych s\u0142u\u017cb zatrudnienia i innych s\u0142u\u017cb z obszaru wojew\u00f3dztwa opolskiego oraz podniesienie skuteczno\u015bci i efektywno\u015bci pracy socjalnej.<\/li>\n\n\n\n<li>Upowszechnienie wiedzy w zakresie stosowania aktywnych form pomocy i integracji spo\u0142ecznej, przeciwdzia\u0142anie wykluczeniu spo\u0142ecznemu oraz z zakresu integracji spo\u0142ecznej i zawodowej os\u00f3b wykluczonych spo\u0142ecznie i zagro\u017conych wykluczeniem spo\u0142ecznym.<\/li>\n\n\n\n<li>Nawi\u0105zanie dialogu, partnerstwa publiczno \u2013 spo\u0142ecznego oraz wsp\u00f3\u0142praca na rzecz przeciwdzia\u0142ania zjawisku wykluczenia spo\u0142ecznego na poziomie regionalnym pomi\u0119dzy instytucjami pomocy i integracji spo\u0142ecznej, a organizacjami pozarz\u0105dowymi.<\/li>\n\n\n\n<li>Plan dzia\u0142a\u0144 na rzecz rozwoju i upowszechniania ES w regionie.<\/li>\n\n\n\n<li>Ewaluacja projekt\u00f3w systemowych wdra\u017canych w wojew\u00f3dztwie opolskim przez OPS, PCPR.<\/li>\n<\/ul>\n\n\n\n<p><strong>Grupa docelowa<\/strong><br>Odbiorcami projektu s\u0105 pracownicy i wolontariusze: jednostek organizacyjnych pomocy spo\u0142ecznej, jednostek organizacyjnych wspierania rodziny i systemu pieczy zast\u0119pczej, organizacji pozarz\u0105dowych dzia\u0142aj\u0105cych w sferze pomocy i integracji spo\u0142ecznej oraz pracownicy innych s\u0142u\u017cb spo\u0142ecznych dzia\u0142aj\u0105cych w regionie tj. policjanci, kuratorzy s\u0105dowi, pedagodzy, asystenci rodziny. Ponadto w zakresie organizacji szkole\u0144 w ramach zespo\u0142\u00f3w interdyscyplinarnych odbiorcami s\u0105 przedstawiciele instytucji rynku pracy w zakresie wsp\u00f3lnych szkole\u0144.<\/p>\n\n\n\n<p><strong>G\u0142\u00f3wne zadania podejmowane w 2013 i 2014 roku<\/strong><\/p>\n\n\n\n<p><strong>Zadanie 1.<\/strong><\/p>\n\n\n\n<p>Szkolenie kadr jednostek pomocy i integracji spo\u0142ecznej, kadr prowadz\u0105cych prac\u0119 z rodzin\u0105, kadr publicznych s\u0142u\u017cb zatrudnienia i innych s\u0142u\u017cb spo\u0142ecznych.<\/p>\n\n\n\n<p><strong>Zadanie 2.<\/strong><\/p>\n\n\n\n<p>Studia podyplomowe<\/p>\n\n\n\n<p><em>Celem studi\u00f3w podyplomowych Ekonomia Spo\u0142eczna<\/em> jest podniesienie umiej\u0119tno\u015bci i wiedzy uczestnik\u00f3w studi\u00f3w z zakresu ES, kszta\u0142cenie lider\u00f3w z zakresu tworzenia podmiot\u00f3w ekonomii spo\u0142ecznej (sp\u00f3\u0142dzielnie socjalne, dzia\u0142alno\u015b\u0107 gospodarcza w NGO, itp.), a tak\u017ce przygotowanie ich do promowania dzia\u0142a\u0144 w obszarze ekonomii spo\u0142ecznej w\u015br\u00f3d lokalnej spo\u0142eczno\u015bci, w\u0142adz i organizacji III sektora.<\/p>\n\n\n\n<p><em>Celem studi\u00f3w podyplomowych z zakresu gerontologii spo\u0142ecznej<\/em> jest przygotowanie s\u0142uchaczy do pracy z osobami starszymi, wyposa\u017cenie ich w wiedz\u0119 i umiej\u0119tno\u015bci, kt\u00f3re sprawi\u0105, \u017ce poradz\u0105 sobie z wyzwaniami ww. specjalno\u015bci. Post\u0119puj\u0105ca profesjonalizacja zawod\u00f3w pracownika socjalnego sprawia, i\u017c w obliczu szybkiego zwi\u0119kszania si\u0119 liczby os\u00f3b starszych wzmaga si\u0119 potrzeba odpowiedniego przygotowania pracownik\u00f3w sektora us\u0142ug spo\u0142ecznych i sektora us\u0142ug rynkowych do kontaktowania si\u0119 z seniorami i w\u0142a\u015bciwego zaspokajania wyra\u017canych przez nich potrzeb.<\/p>\n\n\n\n<p><strong>Zadanie 3.<\/strong><\/p>\n\n\n\n<p>Specjalizacja II stopnia w zawodzie pracownik socjalny<\/p>\n\n\n\n<p><strong>Zadanie 4.<\/strong><\/p>\n\n\n\n<p>Specjalistyczne doradztwo dla o\u015brodk\u00f3w pomocy spo\u0142ecznej i powiatowych centr\u00f3w pomocy rodzinie.<\/p>\n\n\n\n<p><strong>Zadanie 5.<\/strong><\/p>\n\n\n\n<p>Ewaluacja projekt\u00f3w systemowych wdra\u017canych w woj. opolskim przez OPS i PCPR<\/p>\n\n\n\n<p><strong>Zadanie 6.<\/strong><\/p>\n\n\n\n<p>Kampania promocyjno \u2013 informacyjna o zasi\u0119gu regionalnym<\/p>\n\n\n\n<p><strong><em>I Dzia\u0142anie:<\/em><\/strong><em> Opracowanie, wydanie oraz upowszechnienie \u201eEmpowermentu Kwartalnika Pracownik\u00f3w Socjalnych \u015al\u0105ska Opolskiego\u201d.<\/em> Kwartalnik b\u0119dzie s\u0142u\u017cy\u0142 promocji aktywnej polityki spo\u0142ecznej poprzez ukazywanie aktywnych form integracji spo\u0142ecznej na rzecz przeciwdzia\u0142ania wykluczeniu spo\u0142ecznemu. B\u0119d\u0105 w nim r\u00f3wnie\u017c opracowywane nowe formy i narz\u0119dzia wsparcia indywidualnego i \u015brodowiskowego klient\u00f3w pomocy spo\u0142ecznej.<\/p>\n\n\n\n<p><em><strong>II Dzia\u0142anie:<\/strong> Wydanie 4-stronnicowych dodatk\u00f3w w gazecie regionalnej pt. \u201eIntegracja bez barier\u201d<\/em> oraz e-wydania na stronie WWW. Tematyka wk\u0142adki oscyluje wok\u00f3\u0142 problem\u00f3w os\u00f3b niepe\u0142nosprawnych, jak r\u00f3wnie\u017c grup os\u00f3b wykluczonych spo\u0142ecznie i zagro\u017conych wykluczeniem spo\u0142ecznym. Zakres wk\u0142adki b\u0119dzie obejmowa\u0142 zagadnienia dotycz\u0105ce stosowania aktywnych form integracji spo\u0142ecznej, przeciwdzia\u0142ania wykluczeniu spo\u0142ecznemu oraz integracji spo\u0142ecznej i zawodowej ww. grup.<\/p>\n\n\n\n<p><em><strong>III Dzia\u0142anie<\/strong>: Zorganizowanie pikniku dla rodzin adopcyjnych i zast\u0119pczych,<\/em> kt\u00f3ry ma na celu integracj\u0119 \u015brodowisk rodzinnych, popularyzacj\u0119 r\u00f3\u017cnych form rodzinnej opieki zast\u0119pczej, oraz daje mo\u017cliwo\u015b\u0107 wymiany do\u015bwiadcze\u0144 rodzicielskich przez uczestnik\u00f3w pikniku (tworzenie grup wsparcia).<\/p>\n\n\n\n<p><em><strong>IV Dzia\u0142anie:<\/strong> Zorganizowanie kampanii na rzecz os\u00f3b niepe\u0142nosprawnych: Gala Tw\u00f3rczo\u015bci Os\u00f3b Niepe\u0142nosprawnych.<\/em> Celem kampanii b\u0119dzie pokazanie tw\u00f3rczo\u015bci os. niepe\u0142nosprawnych oraz prze\u0142amanie stereotypowego ich postrzegania. Inicjatywa b\u0119dzie s\u0142u\u017cy\u0142a prezentacji osi\u0105gni\u0119\u0107 os. niepe\u0142nosprawnych we wszystkich dziedzinach sztuki oraz b\u0119dzie okazj\u0105 dla ca\u0142ego opolskiego \u015brodowiska os\u00f3b niepe\u0142nosprawnych jak r\u00f3wnie\u017c os. pe\u0142nosprawnych do spotkania si\u0119 i wymiany do\u015bwiadcze\u0144. Kampania b\u0119dzie mia\u0142a charakter otwarty, adresowana b\u0119dzie do wszystkich mieszka\u0144c\u00f3w woj. opolskiego.<\/p>\n\n\n\n<p><em><strong>V Dzia\u0142anie:<\/strong> Zorganizowanie kampanii spo\u0142ecznej w sprawie zwalczania przemocy domowej wobec kobiet.<\/em> Celem kampanii jest zwr\u00f3cenie uwagi na problem przemocy wobec kobiet oraz przeciwdzia\u0142ania jej. W ramach kampanii b\u0119dzie wy\u015bwietlany spot antyprzemocowy zawieraj\u0105cy informacje na temat przemocy, mo\u017cliwo\u015bci otrzymania wsparcia, zostanie nagrany reporta\u017c telewizyjny przedstawiaj\u0105cy informacje na temat przest\u0119pstw z uwzgl\u0119dnieniem p\u0142ci, oraz informacje dotycz\u0105ce infolinii dla ofiar przemocy.<\/p>\n\n\n\n<p><em><strong>VI Dzia\u0142anie:<\/strong> Zorganizowanie kampanii spo\u0142ecznej na rzecz os\u00f3b starszych.<\/em> Celem kampanii na rzecz os\u00f3b starszych jest podniesienie \u015bwiadomo\u015bci spo\u0142ecze\u0144stwa na zjawisko przemocy wobec os\u00f3b starszych, prze\u0142amanie tabu i obalenie stereotyp\u00f3w istniej\u0105cych w stosunku do ludzi starszych.<\/p>\n\n\n\n<p><strong>Zadanie 7.<\/strong><\/p>\n\n\n\n<p>Rozw\u00f3j dialogu, partnerstwa i wsp\u00f3\u0142pracy na rzecz przeciwdzia\u0142ania zjawisku wykluczenia spo\u0142ecznego.<\/p>\n\n\n\n<p><strong><em>I Etap: Zorganizowanie dw\u00f3ch wizyt studyjnych.<\/em><\/strong> Celem wizyt jest zapoznanie uczestnik\u00f3w z dobrymi praktykami ES w zakresie szeroko poj\u0119tej aktywizacji i wsparcia dla os\u00f3b znajduj\u0105cych si\u0119 w skrajnych sytuacjach \u017cyciowych, os\u00f3b zagro\u017conych wykluczeniem spo\u0142ecznym b\u0105d\u017a wykluczonych spo\u0142ecznie, w tym w szczeg\u00f3lno\u015bci pozostaj\u0105cych bez zatrudnienia.<\/p>\n\n\n\n<p><strong><em>II Etap: Zorganizowanie seminari\u00f3w dla pracownik\u00f3w instytucji pomocy i integracji spo\u0142ecznej oraz ngo.<\/em><\/strong> Celem seminarium b\u0119dzie m.in. promocja dobrych praktyk w obszarze wsp\u00f3\u0142pracy instytucjonalnej w ramach modeli wsp\u00f3\u0142pracy na rzecz kompleksowego rozwi\u0105zywania problem\u00f3w spo\u0142ecznych os\u00f3b wykluczonych i zagro\u017conych wykluczeniem spo\u0142ecznym, a tak\u017ce w obszarze aktywnych form polityki spo\u0142ecznej ukierunkowanych na przeciwdzia\u0142anie wykluczeniu spo\u0142ecznemu<\/p>\n\n\n\n<p><strong>Zadanie 8.<\/strong><\/p>\n\n\n\n<p><strong>Plan dzia\u0142a\u0144 na rzecz rozwoju, promocji i upowszechniania ES w regionie<\/strong><\/p>\n\n\n\n<p><strong><em>Dzia\u0142anie I: <\/em><\/strong><em>Zorganizowanie 4 spotkania Zespo\u0142u ds. ekonomii spo\u0142ecznej.<\/em> Spotkania wraz zaproszonymi go\u015b\u0107mi: przedstawicielami .NGO, pes, jst. szczebla woj., powiat\u00f3w i gminy, przedsi\u0119biorcami, prowadzone b\u0119d\u0105 przez eksperta w dziedzinie ekonomii spo\u0142ecznej. Wdra\u017canie Planu (kt\u00f3rego projekt zosta\u0142 przyj\u0119ty Uchwa\u0142\u0105 nr 3049\/2012 Zarz\u0105du Wojew\u00f3dztwa Opolskiego z dnia 05 grudnia 2012r.) wymaga \u015bcis\u0142ej wsp\u00f3\u0142pracy i wymiany informacji pomi\u0119dzy zainteresowanymi podmiotami. Celem spotka\u0144 jest koordynacja dzia\u0142a\u0144 oraz bie\u017c\u0105cy monitoring Planu.<\/p>\n\n\n\n<p><strong><em>Dzia\u0142anie II \u2013 <\/em><\/strong><em>Wydanie i rozpowszechnianie w jednostkach integracji i pomocy spo\u0142ecznej, NGO, pes, jst, w regionie materia\u0142\u00f3w informacyjno-promocyjnych dotycz\u0105cych Ekonomii Spo\u0142ecznej,<\/em> w tym zatwierdzonego przez Zarz\u0105d Wojew\u00f3dztwa Opolskiego dokumentu \u201eWieloletniego regionalnego planu dzia\u0142a\u0144 wojew\u00f3dztwa opolskiego na rzecz promocji i upowszechnienia ekonomii spo\u0142ecznej oraz rozwoju instytucji sektora ekonomii spo\u0142ecznej i jej otoczenia w regionie na lata 2013-2020\u201d.<\/p>\n\n\n\n<p><em><strong>Dzia\u0142anie III \u2013 <\/strong>Przeprowadzenie ewaluacji \u201eWieloletniego regionalnego planu dzia\u0142a\u0144 wojew\u00f3dztwa opolskiego na rzecz promocji i upowszechnienia ekonomii spo\u0142ecznej oraz rozwoju instytucji sektora ekonomii spo\u0142ecznej i jej otoczenia w regionie na lata 2013-2020.<\/em> Celem dzia\u0142ania jest opracowanie i upowszechnienie raportu z realizacji Planu wraz z raportem ewaluacyjnym bie\u017c\u0105cym on-going. Monitoring i ewaluacja Planu s\u0142u\u017cy\u0107 b\u0119dzie bie\u017c\u0105cemu gromadzeniu danych, kt\u00f3re pozwol\u0105 na identyfikacj\u0119 post\u0119pu, zagro\u017ce\u0144 i nieprawid\u0142owo\u015bci we wdra\u017caniu dokumentu planistycznego. Jednym z dokument\u00f3w w procesie monitoringu Planu jest raport roczny dotycz\u0105cy realizacji zada\u0144, kt\u00f3ry zostanie uzupe\u0142niony raportem ewaluacyjnym bie\u017c\u0105cym on \u2013 going i rozpowszechniony w\u015br\u00f3d jednostek integracji i pomocy spo\u0142ecznej, NGO, pes, jst, i przedsi\u0119biorc\u00f3w w regionie.<\/p>\n\n\n\n<p><strong><em>Dzia\u0142anie IV \u2013 <\/em><\/strong><em>Zorganizowanie kampanii informacyjno \u2013 promocyjnej ekonomii spo\u0142ecznej.<\/em> W ramach dzia\u0142ania zostan\u0105 nagrane 4 reporta\u017ce telewizyjne, promuj\u0105ce rozw\u00f3j ekonomii spo\u0142ecznej w regionie , kt\u00f3re w swej tre\u015bci zawiera\u0142yby informacje o charakterze edukacyjno \u2013 informacyjnym w obszarze ekonomii spo\u0142ecznej. W celu dotarcia do jak najwi\u0119kszej grupy odbiorc\u00f3w reporta\u017ce b\u0119d\u0105 emitowane w telewizji regionalnej. Ponadto w ramach zadania zostanie wydana monografia. Celem niniejszej publikacji b\u0119dzie przybli\u017cenie zagadnie\u0144 zwi\u0105zanych z wyzwaniami i zagro\u017ceniami demograficznymi, spo\u0142ecznymi oraz gospodarczymi \u015al\u0105ska, z uwzgl\u0119dnieniem roli sektora ekonomii spo\u0142ecznej w sytuacji spo\u0142eczno \u2013 gospodarczej, w kontek\u015bcie trwa\u0142ego rozwoju w uk\u0142adzie przestrzennym (regionalnym) wojew\u00f3dztwa opolskiego. Zagadnienia zawarte w monografii b\u0119d\u0105 oscylowa\u0142y w obszarze ekonomii spo\u0142ecznej na rynku pracy w woj. opolskim.<\/p>\n\n","protected":false},"excerpt":{"rendered":null,"protected":false},"author":1,"featured_media":0,"parent":0,"menu_order":0,"comment_status":"closed","ping_status":"closed","template":"","meta":{"footnotes":""},"categories":[13,15],"tags":[],"class_list":["post-742","page","type-page","status-publish","hentry","category-projekty","category-zrealizowane"],"_links":{"self":[{"href":"https:\/\/rops-opole.pl\/index.php?rest_route=\/wp\/v2\/pages\/742","targetHints":{"allow":["GET"]}}],"collection":[{"href":"https:\/\/rops-opole.pl\/index.php?rest_route=\/wp\/v2\/pages"}],"about":[{"href":"https:\/\/rops-opole.pl\/index.php?rest_route=\/wp\/v2\/types\/page"}],"author":[{"embeddable":true,"href":"https:\/\/rops-opole.pl\/index.php?rest_route=\/wp\/v2\/users\/1"}],"replies":[{"embeddable":true,"href":"https:\/\/rops-opole.pl\/index.php?rest_route=%2Fwp%2Fv2%2Fcomments&post=742"}],"version-history":[{"count":7,"href":"https:\/\/rops-opole.pl\/index.php?rest_route=\/wp\/v2\/pages\/742\/revisions"}],"predecessor-version":[{"id":3361,"href":"https:\/\/rops-opole.pl\/index.php?rest_route=\/wp\/v2\/pages\/742\/revisions\/3361"}],"wp:attachment":[{"href":"https:\/\/rops-opole.pl\/index.php?rest_route=%2Fwp%2Fv2%2Fmedia&parent=742"}],"wp:term":[{"taxonomy":"category","embeddable":true,"href":"https:\/\/rops-opole.pl\/index.php?rest_route=%2Fwp%2Fv2%2Fcategories&post=742"},{"taxonomy":"post_tag","embeddable":true,"href":"https:\/\/rops-opole.pl\/index.php?rest_route=%2Fwp%2Fv2%2Ftags&post=742"}],"curies":[{"name":"wp","href":"https:\/\/api.w.org\/{rel}","templated":true}]}}