{"id":685,"date":"2020-08-03T16:47:21","date_gmt":"2020-08-03T14:47:21","guid":{"rendered":"http:\/\/test.rops-opole.pl\/?page_id=685"},"modified":"2023-04-01T13:20:29","modified_gmt":"2023-04-01T11:20:29","slug":"projekt-pn-blizej-rodziny-i-dziecka-wsparcie-rodzin-przezywajacych-problemy-opiekunczo-wychowawcze-oraz-wsparcie-pieczy-zastepczej","status":"publish","type":"page","link":"https:\/\/rops-opole.pl\/?page_id=685","title":{"rendered":"Bli\u017cej rodziny i dziecka &#8211; wsparcie rodzin prze\u017cywaj\u0105cych problemy opieku\u0144czo &#8211; wychowawcze oraz wsparcie pieczy zast\u0119pczej"},"content":{"rendered":"\n<figure class=\"wp-block-image\"><img decoding=\"async\" src=\"http:\/\/rops-opole.pl\/gfx\/blizej-rodziny-logo.jpg\" alt=\"\"><\/figure>\n\n\n\n<p><strong>O projekcie<\/strong><br>Projekt pn. \u201eBli\u017cej rodziny i dziecka \u2013 wsparcie rodzin prze\u017cywaj\u0105cych problemy opieku\u0144czo \u2013 wychowawcze oraz wsparcie pieczy zast\u0119pczej\u201d wsp\u00f3\u0142finansowany z \u015brodk\u00f3w Europejskiego Funduszu Spo\u0142ecznego w ramach Regionalnego Programu Operacyjnego Wojew\u00f3dztwa Opolskiego na lata 2014 -2020, O\u015b priorytetowa VIII- Integracja Spo\u0142eczna. Projekt jest komplementarny z inicjatywami zaplanowanymi w ramach programu Specjalna Strefa Demograficzna tzw. inicjatywy wspieraj\u0105ce pn. Wspieramy rodzin\u0119.<\/p>\n\n\n\n<p><strong>Termin realizacji projektu: 01.04.2016 \u2013 31.03.2018<\/strong><\/p>\n\n\n\n<p><strong>Cel g\u0142\u00f3wny projektu:<\/strong><br>G\u0142\u00f3wnym celem projektu jest zwi\u0119kszenie dost\u0119pu do us\u0142ug spo\u0142ecznych \u015bwiadczonych w wojew\u00f3dztwie opolskim na rzecz rodzin prze\u017cywaj\u0105cych problemy opieku\u0144czo-wychowawcze oraz pieczy zast\u0119pczej, kt\u00f3re pozwol\u0105 wyeliminowa\u0107 deficyty lub dysfunkcje ww. grup oraz profilaktycznie przeciwdzia\u0142a\u0107 ich marginalizacji. G\u0142\u00f3wne problemy, na kt\u00f3re odpowiada ww. projekt to:<\/p>\n\n\n\n<ul class=\"wp-block-list\">\n<li>niewystarczaj\u0105ca ilo\u015b\u0107 us\u0142ug \u015bwiadczonych na rzecz ww. rodzin (m.in. zbyt ma\u0142a liczba asystent\u00f3w rodziny, zbyt ma\u0142a liczba plac\u00f3wek wsparcia dziennego, itp. ),<\/li>\n\n\n\n<li>niewystarczaj\u0105ca liczba \u015bwiadczonych us\u0142ug dla os\u00f3b sprawuj\u0105cych piecz\u0119 i m\u0142odzie\u017cy usamodzielniaj\u0105cej,<\/li>\n\n\n\n<li>zbyt ma\u0142a liczba mieszka\u0144 chronionych i \u015bwiadczonych w nich us\u0142ug (5 mieszka\u0144,14 miejsc),<\/li>\n\n\n\n<li>potrzeba rozwoju rodzinnych form pieczy zast\u0119pczej i dzia\u0142a\u0144 prowadz\u0105cych do odej\u015bcia od opieki instytucjonalnej.<\/li>\n<\/ul>\n\n\n\n<p><strong>Grupa docelowa:<\/strong><br>Wsparciem obj\u0119te zostan\u0105 osoby i rodziny zagro\u017cone ub\u00f3stwem lub wykluczeniem spo\u0142ecznym, jak r\u00f3wnie\u017c otoczenie os\u00f3b zagro\u017conych ub\u00f3stwem lub wykluczeniem spo\u0142ecznym. Zgodnie wi\u0119c z inicjatywami SSD zostaje zapewnione wsparcie rodzin oraz dzieci i m\u0142odzie\u017cy umieszczonej w pieczy zast\u0119pczej poprzez kompleks dzia\u0142a\u0144 wspieraj\u0105cych<\/p>\n\n\n\n<p><strong>G\u0142\u00f3wne zadania w projekcie:<\/strong><br>W ramach projektu b\u0119d\u0105 realizowane 2 typy dzia\u0142a\u0144: na rzecz wsparcia rodziny prze\u017cywaj\u0105cej problemy opieku\u0144czo-wychowawcze oraz wsparcie pieczy zast\u0119pczej. Ww. projekt, b\u0119dzie realizowany w partnerstwie z Opolskim Centrum Demokracji Lokalnej FRDL z siedzib\u0105 w Opolu oraz w partnerstwie z podmiotami nale\u017c\u0105cymi do sektora finans\u00f3w publicznych, tj. Powiatem Krapkowickim, Miastem Opole oraz gminami: Domaszowice, \u0141ubniany, Brzeg, Paczk\u00f3w, Kluczbork, Popiel\u00f3w, Grodk\u00f3w, G\u0142ubczyce, Korfant\u00f3w, Zdzieszowice D\u0105browa, Bierawa, Strzelce Opolskie i Pok\u00f3j.<\/p>\n\n\n\n<p>W projekcie przewiduje si\u0119 23 zadania w ramach, kt\u00f3rych:<\/p>\n\n\n\n<ol class=\"wp-block-list\">\n<li>powstanie 15 nowych stanowisk \u2013 asystent\u00f3w rodziny,<\/li>\n\n\n\n<li>zostanie przeszkolonych 60 kandydat\u00f3w na asystent\u00f3w rodziny,<\/li>\n\n\n\n<li>zostan\u0105 przeprowadzone 2 kampanie na rzecz promocji rodzin wspieraj\u0105cych,<\/li>\n\n\n\n<li>powstanie 7 nowych plac\u00f3wek wsparcia dziennego w formie pracy podw\u00f3rkowej realizowanej przez wychowawc\u0119 podw\u00f3rkowego,<\/li>\n\n\n\n<li>zostan\u0105 zorganizowane 2 pikniki dla ok 450 os\u00f3b, maj\u0105ce na celu integracj\u0119 \u015brodowiska lokalnego, promocj\u0119 aktywnego i tw\u00f3rczego wypoczynku poprzez ukazanie alternatywnych sposob\u00f3w sp\u0119dzania czasu wolnego,<\/li>\n\n\n\n<li>powstan\u0105 3 mieszkania chronione dla os\u00f3b usamodzielniaj\u0105cych si\u0119 \u0142\u0105cznie 10 os\u00f3b, w tym 2 samotne matki z 2 dzieci, nieposiadaj\u0105cych czasowo innych mo\u017cliwo\u015bci zamieszkania i znajduj\u0105cych si\u0119 w trudnej sytuacji \u017cyciowej,<\/li>\n\n\n\n<li>utworzy si\u0119 2 grupy wsparcia dla rodzin prze\u017cywaj\u0105cych problemy opieku\u0144czo \u2013 wychowawcze, obj\u0119tych asyst\u0105 rodzinn\u0105,<\/li>\n\n\n\n<li>zostan\u0105 zorganizowane zaj\u0119ci o charakterze aktywnej integracji spo\u0142ecznej, maj\u0105ce na celu zapobieganie procesom ub\u00f3stwa, marginalizacji i wykluczenia spo\u0142ecznego dzieci poni\u017cej 15 roku \u017cycia umieszczonych w \u015brodowisku rodzinnych form pieczy zast\u0119pczej (ze szczeg\u00f3lnym uwzgl\u0119dnieniem rodzin zawodowych i rodzinnych dom\u00f3w dziecka). Zak\u0142ada si\u0119 organizacj\u0119 9 r\u00f3\u017cnych tematycznie zaj\u0119\u0107 rocznie dla grup po ok 20 os\u00f3b x 2 lata.<\/li>\n\n\n\n<li>przeprowadzi si\u0119 us\u0142ugi aktywnej integracji dla os\u00f3b przebywaj\u0105cych w pieczy zast\u0119pczej \u2013 w zakresie aktywizacji edukacyjnej odb\u0119d\u0105 si\u0119 spotkania z po\u015brednikiem pracy, doradca zawodowym \u2013 wszyscy uczestnicy projektu tj. 60 os. Natomiast w zakresie aktywizacji zdrowotnej istnieje mo\u017cliwo\u015b\u0107 skierowania uczestnika projektu i sfinansowania terapii psychologicznej, rodzinnej lub psychospo\u0142ecznej, a tak\u017ce \u0107wicze\u0144 fizycznych usprawniaj\u0105cych lub zaj\u0119\u0107 rehabilitacyjnych zgodnie z potrzebami os\u00f3b niepe\u0142nosprawnych.<\/li>\n\n\n\n<li>nast\u0105pi przeszkolenie 80 kandydat\u00f3w na rodziny zast\u0119pcze, prowadz\u0105cych rodzinne domy dziecka i dyrektor\u00f3w plac\u00f3wek opieku\u0144czo wychowawczych typu rodzinnego poni\u017cej 14 dzieci.<\/li>\n<\/ol>\n\n\n\n<p>Sze\u015b\u0107 m\u0142odych os\u00f3b zamieszka w nowo wyremontowanych mieszkaniach chronionych w Krapkowicach. Mieszkania przygotowane s\u0105 dla os\u00f3b, kt\u00f3rymi opiekowa\u0142y si\u0119 rodziny zast\u0119pcze.<\/p>\n\n\n\n<hr class=\"wp-block-separator has-css-opacity\">\n\n\n\n<figure class=\"wp-block-gallery has-nested-images columns-3 is-cropped wp-block-gallery-1 is-layout-flex wp-block-gallery-is-layout-flex\">\n<figure class=\"wp-block-image\"><img decoding=\"async\" width=\"150\" height=\"150\" data-id=\"693\" src=\"http:\/\/rops-opole.pl\/wp-content\/uploads\/2020\/08\/01-150x150.jpg\" alt=\"\" class=\"wp-image-693\"><\/figure>\n\n\n\n<figure class=\"wp-block-image\"><img decoding=\"async\" width=\"150\" height=\"150\" data-id=\"694\" src=\"http:\/\/rops-opole.pl\/wp-content\/uploads\/2020\/08\/02-150x150.jpg\" alt=\"\" class=\"wp-image-694\"><\/figure>\n\n\n\n<figure class=\"wp-block-image\"><img decoding=\"async\" width=\"150\" height=\"150\" data-id=\"695\" src=\"http:\/\/rops-opole.pl\/wp-content\/uploads\/2020\/08\/03-150x150.jpg\" alt=\"\" class=\"wp-image-695\"><\/figure>\n\n\n\n<figure class=\"wp-block-image\"><img loading=\"lazy\" decoding=\"async\" width=\"150\" height=\"150\" data-id=\"696\" src=\"http:\/\/rops-opole.pl\/wp-content\/uploads\/2020\/08\/04-150x150.jpg\" alt=\"\" class=\"wp-image-696\"><\/figure>\n\n\n\n<figure class=\"wp-block-image\"><img loading=\"lazy\" decoding=\"async\" width=\"150\" height=\"150\" data-id=\"697\" src=\"http:\/\/rops-opole.pl\/wp-content\/uploads\/2020\/08\/05-150x150.jpg\" alt=\"\" class=\"wp-image-697\"><\/figure>\n\n\n\n<figure class=\"wp-block-image\"><img loading=\"lazy\" decoding=\"async\" width=\"150\" height=\"150\" data-id=\"698\" src=\"http:\/\/rops-opole.pl\/wp-content\/uploads\/2020\/08\/06-150x150.jpg\" alt=\"\" class=\"wp-image-698\"><\/figure>\n\n\n\n<figure class=\"wp-block-image\"><img loading=\"lazy\" decoding=\"async\" width=\"150\" height=\"150\" data-id=\"699\" src=\"http:\/\/rops-opole.pl\/wp-content\/uploads\/2020\/08\/07-150x150.jpg\" alt=\"\" class=\"wp-image-699\"><\/figure>\n\n\n\n<figure class=\"wp-block-image\"><img loading=\"lazy\" decoding=\"async\" width=\"150\" height=\"150\" data-id=\"700\" src=\"http:\/\/rops-opole.pl\/wp-content\/uploads\/2020\/08\/08-150x150.jpg\" alt=\"\" class=\"wp-image-700\"><\/figure>\n\n\n\n<figure class=\"wp-block-image\"><img loading=\"lazy\" decoding=\"async\" width=\"150\" height=\"150\" data-id=\"701\" src=\"http:\/\/rops-opole.pl\/wp-content\/uploads\/2020\/08\/09-150x150.jpg\" alt=\"\" class=\"wp-image-701\"><\/figure>\n\n\n\n<figure class=\"wp-block-image\"><img loading=\"lazy\" decoding=\"async\" width=\"150\" height=\"150\" data-id=\"702\" src=\"http:\/\/rops-opole.pl\/wp-content\/uploads\/2020\/08\/10-150x150.jpg\" alt=\"\" class=\"wp-image-702\"><\/figure>\n\n\n\n<figure class=\"wp-block-image\"><img loading=\"lazy\" decoding=\"async\" width=\"150\" height=\"150\" data-id=\"703\" src=\"http:\/\/rops-opole.pl\/wp-content\/uploads\/2020\/08\/11-150x150.jpg\" alt=\"\" class=\"wp-image-703\"><\/figure>\n\n\n\n<figure class=\"wp-block-image\"><img loading=\"lazy\" decoding=\"async\" width=\"150\" height=\"150\" data-id=\"704\" src=\"http:\/\/rops-opole.pl\/wp-content\/uploads\/2020\/08\/12-150x150.jpg\" alt=\"\" class=\"wp-image-704\"><\/figure>\n\n\n\n<figure class=\"wp-block-image\"><img loading=\"lazy\" decoding=\"async\" width=\"150\" height=\"150\" data-id=\"706\" src=\"http:\/\/rops-opole.pl\/wp-content\/uploads\/2020\/08\/14-150x150.jpg\" alt=\"\" class=\"wp-image-706\"><\/figure>\n\n\n\n<figure class=\"wp-block-image\"><img loading=\"lazy\" decoding=\"async\" width=\"150\" height=\"150\" data-id=\"707\" src=\"http:\/\/rops-opole.pl\/wp-content\/uploads\/2020\/08\/15-150x150.jpg\" alt=\"\" class=\"wp-image-707\"><\/figure>\n\n\n\n<figure class=\"wp-block-image\"><img loading=\"lazy\" decoding=\"async\" width=\"150\" height=\"150\" data-id=\"708\" src=\"http:\/\/rops-opole.pl\/wp-content\/uploads\/2020\/08\/16-150x150.jpg\" alt=\"\" class=\"wp-image-708\"><\/figure>\n\n\n\n<figure class=\"wp-block-image\"><img loading=\"lazy\" decoding=\"async\" width=\"150\" height=\"150\" data-id=\"709\" src=\"http:\/\/rops-opole.pl\/wp-content\/uploads\/2020\/08\/17-150x150.jpg\" alt=\"\" class=\"wp-image-709\"><\/figure>\n\n\n\n<figure class=\"wp-block-image\"><img loading=\"lazy\" decoding=\"async\" width=\"150\" height=\"150\" data-id=\"710\" src=\"http:\/\/rops-opole.pl\/wp-content\/uploads\/2020\/08\/18-150x150.jpg\" alt=\"\" class=\"wp-image-710\"><\/figure>\n<figcaption class=\"blocks-gallery-caption wp-element-caption\">Zdj\u0119cia wyremontowanego mieszkania chronionego<\/figcaption><\/figure>\n\n\n\n<hr class=\"wp-block-separator has-css-opacity\">\n\n\n\n<p><a href=\"\/wp-content\/uploads\/projekty\/blizej-rodziny-i-dziecka\/Umowa_.pdf\" class=\"use-tooltip\" aria-label=\"Umowa partnerska nr RPOP.08.01.00-16-005\/15 na rzecz realizacji Projektu Bli\u017cej rodziny i dziecka \u2013 wsparcie rodzin prze\u017cywaj\u0105cych problemy opieku\u0144czo \u2013 wychowawcze oraz wsparcie pieczy zast\u0119pczej w ramach Regionalnego Programu Operacyjnego Wojew\u00f3dztwa Opolskiego na lata 2014 \u2013 2020 O\u015b priorytetowa VIII \u2013 Integracja Spo\u0142eczna ( dokument PDF)\">Umowa partnerska nr RPOP.08.01.00-16-005\/15 na rzecz realizacji Projektu Bli\u017cej rodziny i dziecka \u2013 wsparcie rodzin prze\u017cywaj\u0105cych problemy opieku\u0144czo \u2013 wychowawcze oraz wsparcie pieczy zast\u0119pczej w ramach Regionalnego Programu Operacyjnego Wojew\u00f3dztwa Opolskiego na lata 2014 \u2013 2020 O\u015b priorytetowa VIII \u2013 Integracja Spo\u0142eczna<svg aria-hidden=\"true\" class=\"icon-pdf\" viewbox=\"0 0 1792 1792\"><path d=\"M1596 380q28 28 48 76t20 88v1152q0 40-28 68t-68 28h-1344q-40 0-68-28t-28-68v-1600q0-40 28-68t68-28h896q40 0 88 20t76 48zm-444-244v376h376q-10-29-22-41l-313-313q-12-12-41-22zm384 1528v-1024h-416q-40 0-68-28t-28-68v-416h-768v1536h1280zm-514-593q33 26 84 56 59-7 117-7 147 0 177 49 16 22 2 52 0 1-1 2l-2 2v1q-6 38-71 38-48 0-115-20t-130-53q-221 24-392 83-153 262-242 262-15 0-28-7l-24-12q-1-1-6-5-10-10-6-36 9-40 56-91.5t132-96.5q14-9 23 6 2 2 2 4 52-85 107-197 68-136 104-262-24-82-30.5-159.5t6.5-127.5q11-40 42-40h22q23 0 35 15 18 21 9 68-2 6-4 8 1 3 1 8v30q-2 123-14 192 55 164 146 238zm-576 411q52-24 137-158-51 40-87.5 84t-49.5 74zm398-920q-15 42-2 132 1-7 7-44 0-3 7-43 1-4 4-8-1-1-1-2t-.5-1.5-.5-1.5q-1-22-13-36 0 1-1 2v2zm-124 661q135-54 284-81-2-1-13-9.5t-16-13.5q-76-67-127-176-27 86-83 197-30 56-45 83zm646-16q-24-24-140-24 76 28 124 28 14 0 18-1 0-1-2-3z\"><\/path><\/svg><span class=\"tooltip\"> dokument PDF<\/span><\/a><\/p>\n\n\n\n<p><a rel=\"noopener noreferrer\" href=\"https:\/\/www.youtube.com\/watch?v=1lM3mGcuDjQ\" target=\"_blank\" aria-label=\"Lo\u017ca Radiowa w Radio Opole z Pani\u0105 Agnieszk\u0105 Gabruk \u2013 \u00f3wczesn\u0105 Z-c\u0105 Dyrektora ROPS w Opolu (obecnie Dyrektorem ROPS w Opolu). Tematem by\u0142y mieszkania chronione. (external, otworzy si\u0119 w nowym oknie)\" class=\"extlink target-blank use-tooltip\">Lo\u017ca Radiowa w Radio Opole z Pani\u0105 Agnieszk\u0105 Gabruk \u2013 \u00f3wczesn\u0105 Z-c\u0105 Dyrektora ROPS w Opolu (obecnie Dyrektorem ROPS w Opolu). Tematem by\u0142y mieszkania chronione.<svg aria-hidden=\"true\" class=\"icon-extlink\" viewbox=\"0 0 1792 1792\"><path d=\"M1408 928v320q0 119-84.5 203.5t-203.5 84.5h-832q-119 0-203.5-84.5t-84.5-203.5v-832q0-119 84.5-203.5t203.5-84.5h704q14 0 23 9t9 23v64q0 14-9 23t-23 9h-704q-66 0-113 47t-47 113v832q0 66 47 113t113 47h832q66 0 113-47t47-113v-320q0-14 9-23t23-9h64q14 0 23 9t9 23zm384-864v512q0 26-19 45t-45 19-45-19l-176-176-652 652q-10 10-23 10t-23-10l-114-114q-10-10-10-23t10-23l652-652-176-176q-19-19-19-45t19-45 45-19h512q26 0 45 19t19 45z\"><\/path><\/svg><svg aria-hidden=\"true\" class=\"icon-new-window\" viewbox=\"0 0 1792 1792\"><path d=\"M1408 960v-128q0-26-19-45t-45-19h-320v-320q0-26-19-45t-45-19h-128q-26 0-45 19t-19 45v320h-320q-26 0-45 19t-19 45v128q0 26 19 45t45 19h320v320q0 26 19 45t45 19h128q26 0 45-19t19-45v-320h320q26 0 45-19t19-45zm256-544v960q0 119-84.5 203.5t-203.5 84.5h-960q-119 0-203.5-84.5t-84.5-203.5v-960q0-119 84.5-203.5t203.5-84.5h960q119 0 203.5 84.5t84.5 203.5z\"><\/path><\/svg><span class=\"tooltip\">external, otworzy si\u0119 w nowym oknie<\/span><\/a><\/p>\n\n\n\n<p><\/p>\n\n","protected":false},"excerpt":{"rendered":null,"protected":false},"author":1,"featured_media":0,"parent":0,"menu_order":0,"comment_status":"closed","ping_status":"closed","template":"","meta":{"footnotes":""},"categories":[13,15],"tags":[],"class_list":["post-685","page","type-page","status-publish","hentry","category-projekty","category-zrealizowane"],"_links":{"self":[{"href":"https:\/\/rops-opole.pl\/index.php?rest_route=\/wp\/v2\/pages\/685","targetHints":{"allow":["GET"]}}],"collection":[{"href":"https:\/\/rops-opole.pl\/index.php?rest_route=\/wp\/v2\/pages"}],"about":[{"href":"https:\/\/rops-opole.pl\/index.php?rest_route=\/wp\/v2\/types\/page"}],"author":[{"embeddable":true,"href":"https:\/\/rops-opole.pl\/index.php?rest_route=\/wp\/v2\/users\/1"}],"replies":[{"embeddable":true,"href":"https:\/\/rops-opole.pl\/index.php?rest_route=%2Fwp%2Fv2%2Fcomments&post=685"}],"version-history":[{"count":26,"href":"https:\/\/rops-opole.pl\/index.php?rest_route=\/wp\/v2\/pages\/685\/revisions"}],"predecessor-version":[{"id":3058,"href":"https:\/\/rops-opole.pl\/index.php?rest_route=\/wp\/v2\/pages\/685\/revisions\/3058"}],"wp:attachment":[{"href":"https:\/\/rops-opole.pl\/index.php?rest_route=%2Fwp%2Fv2%2Fmedia&parent=685"}],"wp:term":[{"taxonomy":"category","embeddable":true,"href":"https:\/\/rops-opole.pl\/index.php?rest_route=%2Fwp%2Fv2%2Fcategories&post=685"},{"taxonomy":"post_tag","embeddable":true,"href":"https:\/\/rops-opole.pl\/index.php?rest_route=%2Fwp%2Fv2%2Ftags&post=685"}],"curies":[{"name":"wp","href":"https:\/\/api.w.org\/{rel}","templated":true}]}}