{"id":164,"date":"2020-06-17T16:31:40","date_gmt":"2020-06-17T14:31:40","guid":{"rendered":"http:\/\/test.rops-opole.pl\/?page_id=164"},"modified":"2024-10-30T10:16:14","modified_gmt":"2024-10-30T09:16:14","slug":"medal-serce-dziecku-3","status":"publish","type":"page","link":"https:\/\/rops-opole.pl\/?page_id=164","title":{"rendered":"Medal &#8222;Serce Dziecku&#8221;"},"content":{"rendered":"\n<figure class=\"wp-block-image size-full\"><img fetchpriority=\"high\" decoding=\"async\" width=\"824\" height=\"137\" src=\"https:\/\/rops-opole.pl\/wp-content\/uploads\/2022\/07\/serce-dziecku-tekst.jpg\" alt='Cytat \"Wszystko co wielkie jest wielkie przez serce\". C. K. Norwid' class=\"wp-image-2599\" srcset=\"https:\/\/rops-opole.pl\/wp-content\/uploads\/2022\/07\/serce-dziecku-tekst.jpg 824w, https:\/\/rops-opole.pl\/wp-content\/uploads\/2022\/07\/serce-dziecku-tekst-268x45.jpg 268w\" sizes=\"(max-width: 824px) 100vw, 824px\"><\/figure>\n\n\n\n<p>2024 r.<\/p>\n<p>Ju\u017c od 38 lat dzieci i m\u0142odzie\u017c naszego wojew\u00f3dztwa wyr\u00f3\u017cniaj\u0105 tytu\u0142em \u201eSerce Dziecku\u201d doros\u0142e osoby, kt\u00f3re w szczeg\u00f3lny spos\u00f3b wykazuj\u0105 si\u0119 otwarto\u015bci\u0105 na potrzeby i problemy dzieci oraz dba\u0142o\u015bci\u0105 o ich rozw\u00f3j intelektualny, emocjonalny i fizyczny.<\/p>\n<p>Wyboru Kawaler\u00f3w Tytu\u0142u dokonuje Dzieci\u0119co-M\u0142odzie\u017cowa Kapitu\u0142a dzia\u0142aj\u0105ca pod patronatem Marsza\u0142ka Wojew\u00f3dztwa Opolskiego. Ca\u0142o\u015bci\u0105 spraw organizacyjnych zwi\u0105zanych z przyznawaniem tytu\u0142u zajmuje si\u0119 Regionalny O\u015brodek Polityki Spo\u0142ecznej w Opolu.<\/p>\n<p>W sk\u0142ad Kapitu\u0142y weszli przewodnicz\u0105cy samorz\u0105d\u00f3w uczniowskich szk\u00f3\u0142 z wojew\u00f3dztwa opolskiego. W tym roku cz\u0142onkami Kapitu\u0142y zostali:<\/p>\n<ol>\n<li>Martyna Kluge \u2013 przedstawiciel Zespo\u0142u Szk\u00f3\u0142 im. Jana Kili\u0144skiego w Krapkowicach,<\/li>\n<li>Dominik Palacz \u2013 przedstawiciel Zespo\u0142u Szk\u00f3\u0142 Ekonomicznych w Nysie,<\/li>\n<li>Piotr K\u0119dzierski \u2013 przedstawiciel Publicznej Szko\u0142y Podstawowej nr 3 im. Jana Kochanowskiego w Brzegu,<\/li>\n<li>Emilia Kaczor \u2013 przedstawiciel Publicznej Szko\u0142y Podstawowej im. ks. Jana Twardowskiego w Komprachcicach,<\/li>\n<li>Szymon Czerewko \u2013 przedstawiciel Zespo\u0142u Szk\u00f3\u0142 Licealno-Technicznych w Kluczborku,<\/li>\n<li>Madlena Cebula \u2013 przedstawiciel Publicznej Szko\u0142y Podstawowej nr 31 im. UNICEF w Opolu.<\/li>\n<\/ol>\n<p>W Regionalnym O\u015brodku Polityki Spo\u0142ecznej w Opolu 27 maja 2024 r. o godz. 10:00 odby\u0142o si\u0119 posiedzenie cz\u0142onk\u00f3w Kapitu\u0142y, kt\u00f3rych przywita\u0142a Pani Agnieszka Gabruk \u2013 dyrektor ROPS w Opolu. Podczas pracowitego spotkania cz\u0142onkowie Kapitu\u0142y zdecydowali, \u017ce spo\u015br\u00f3d zg\u0142oszonych kandydatur tytu\u0142 \u201eSerce Dziecku\u201d w 2024 roku otrzymaj\u0105 cztery osoby, tj.:<\/p>\n<p>Pani Joanna Teodorowska \u2013 nauczycielka Zespo\u0142u Szk\u00f3\u0142 Licealno-Technicznych w Kluczborku, zg\u0142oszona do tytu\u0142u przez uczni\u00f3w \u201ejako osoba pe\u0142na ciep\u0142a i empatii\u201d, zaanga\u017cowana organizatorka wielkich szkolnych wydarze\u0144, takich jak Walentynki czy Dzie\u0144 Kobiet;<\/p>\n<p>Pani El\u017cbieta Pisula \u2013 Bieniecka \u2013 nauczycielka w Szkole Podstawowej w Krasiejowie, za\u0142o\u017cycielka Stowarzyszenia na rzecz promocji talent\u00f3w \u201eAkces\u201d oraz Zespo\u0142u Wokalnego pod t\u0105 sam\u0105 nazw\u0105. Zg\u0142oszona przez podopiecznych Stowarzyszenia oraz uczni\u00f3w klasy 5 SP z Krasiejowa, postrzegana jest przez dzieci jako ciep\u0142y i zaanga\u017cowany pedagog, podchodz\u0105cy z dba\u0142o\u015bci\u0105 do rozwoju m\u0142odych ludzi. Jest inicjatork\u0105 ciekawych zaj\u0119\u0107 pozalekcyjnych, warsztat\u00f3w, festiwali i konkurs\u00f3w. Jak m\u00f3wi\u0105 podopieczni, \u201ekocha dzieci i rozwija ich kreatywno\u015b\u0107 oraz wra\u017cliwo\u015b\u0107\u201d;<\/p>\n<p>Pani Barbara Maroszek \u2013 wicedyrektor Zespo\u0142u Szk\u00f3\u0142 Ekonomicznych w Nysie, zg\u0142oszona przez uczni\u00f3w szko\u0142y jako kreatywny i innowacyjny pedagog w podej\u015bciu do nauczania, organizatorka wielu kurs\u00f3w szkolnych, m.in. warsztat\u00f3w baristycznych oraz warsztat\u00f3w z obs\u0142ugi dron\u00f3w i w\u00f3zk\u00f3w wid\u0142owych. Osoba zaanga\u017cowana w dzia\u0142ania na rzecz pomocy innym, r\u00f3wnie\u017c w tym trudnym okresie dla Nysy \u2013 miasta dotkni\u0119tego przez pow\u00f3d\u017a;<\/p>\n<p>Pan Robert Wyrwalec \u2013 prezes Stowarzyszenia Centrum Rozwoju Spo\u0142eczno-Zawodowego \u201eNaprzeciw\u201d \u2013 empatyczny i wra\u017cliwy cz\u0142owiek, podchodz\u0105cy z uwag\u0105 do krzywd i trosk najmniejszych. Jest organizatorem licznych zbi\u00f3rek na rzecz potrzebuj\u0105cych oraz wsp\u00f3\u0142organizatorem Pikniku Integracyjnego. Jak sam m\u00f3wi, \u201erobi co\u015b z niczego\u201d \u2013 dzi\u0119ki wielkiemu sercu i zaanga\u017cowaniu w inicjowanie zbi\u00f3rek publicznych udaje mu si\u0119 niejednokrotnie osi\u0105ga\u0107 \u201ecele niemo\u017cliwe\u201d.<\/p>\n<p>Uroczysta ceremonia dekoracji tegorocznych Kawaler\u00f3w Medalu \u201eSerce Dziecku\u201d odby\u0142a si\u0119 20 pa\u017adziernika br. o godz. 14:00 w Gorzowie \u015al\u0105skim przy ul. Byczy\u0144skiej 13, na dziedzi\u0144cu Zespo\u0142u Szkolno-Gimnazjalnego.<\/p>\n\n\n\n<figure class=\"wp-block-image size-full\"><img decoding=\"async\" width=\"1080\" height=\"810\" src=\"https:\/\/rops-opole.pl\/wp-content\/uploads\/2024\/10\/MSD-2024.jpg\" alt='Ceremonia wr\u0119czenia Medalu \"Serce dziecku\". Na zdj\u0119ciu: Pani Agnieszka Gabruk - Dyrektor ROPS w Opolu, laureaci Medalu \u201eSerce Dziecku\u201d oraz Pan Rafa\u0142 Kotarski - Burmistrz Gorzowa \u015al\u0105skiego.' class=\"wp-image-4604\" srcset=\"https:\/\/rops-opole.pl\/wp-content\/uploads\/2024\/10\/MSD-2024.jpg 1080w, https:\/\/rops-opole.pl\/wp-content\/uploads\/2024\/10\/MSD-2024-789x592.jpg 789w, https:\/\/rops-opole.pl\/wp-content\/uploads\/2024\/10\/MSD-2024-237x178.jpg 237w\" sizes=\"(max-width: 1080px) 100vw, 1080px\"><\/figure>\n\n\n\n<p>Na zdj\u0119ciu: Pani Agnieszka Gabruk \u2013 Dyrektor ROPS w Opolu, laureaci Medalu \u201eSerce Dziecku\u201d oraz Pan Rafa\u0142 Kotarski \u2013 Burmistrz Gorzowa \u015al\u0105skiego.<\/p>\n\n\n\n<!--nextpage-->\n\n\n\n<p>2022 r.<\/p>\n<p>Ju\u017c od 35 lat dzieci i m\u0142odzie\u017c z wojew\u00f3dztwa opolskiego maj\u0105 mo\u017cliwo\u015b\u0107 zg\u0142aszania swoich kandydat\u00f3w do Opolskiego Tytu\u0142u \u201eSerce Dziecku\u201d. Odznaczenie to przyznawane jest osobom doros\u0142ym, kt\u00f3re swoj\u0105 dzia\u0142alno\u015bci\u0105 i postaw\u0105 zdoby\u0142y zaufanie, sympati\u0119 i szacunek dzieci.\u00a0 Wyboru Kawaler\u00f3w Tytu\u0142u dokonuje Dzieci\u0119co \u2013 M\u0142odzie\u017cowa Kapitu\u0142a dzia\u0142aj\u0105ca pod patronatem Marsza\u0142ka Wojew\u00f3dztwa Opolskiego. Ca\u0142o\u015bci\u0105 spraw organizacyjnych zwi\u0105zanych z przyznawaniem Tytu\u0142u zajmuje si\u0119 Regionalny O\u015brodek Polityki Spo\u0142ecznej w Opolu.<\/p>\n<p>W sk\u0142ad Kapitu\u0142y wchodz\u0105 przewodnicz\u0105cy samorz\u0105d\u00f3w uczniowskich szk\u00f3\u0142 z woj. opolskiego. W tym roku cz\u0142onkami Kapitu\u0142y zostali:<\/p>\n<ol>\n<li>Anna Krukowska \u2013 przedstawiciel Publicznej Szko\u0142y Podstawowej Nr 2 w Opolu,<\/li>\n<li>Anna Noculak \u2013 przedstawiciel Publicznej Szko\u0142y Podstawowej nr 2 w Kluczborku,<\/li>\n<li>Julian \u017by\u0142ka \u2013 przedstawiciel Publicznej Szko\u0142y Podstawowej nr 1 w Krapkowicach,<\/li>\n<li>Maja Widzyk \u2013 przedstawiciel Szko\u0142y Podstawowej nr 5 w Nysie,<\/li>\n<li>Martyna Falander \u2013 przedstawiciel Zespo\u0142u Szk\u00f3\u0142 Ekonomicznych w Brzegu,<\/li>\n<li>Marek Ozimek \u2013 przedstawiciel Zespo\u0142u Szk\u00f3\u0142 w Dobrzeniu Wielkim.<\/li>\n<\/ol>\n<p>W Regionalnym O\u015brodku Polityki Spo\u0142ecznej w Opolu 14 czerwca 2022 r. odby\u0142o si\u0119 posiedzenie cz\u0142onk\u00f3w Kapitu\u0142y, kt\u00f3rych przywita\u0142a Pani Agnieszka Gabruk \u2013 \u00f3wczesna Z-ca Dyrektora ROPS w Opolu (obecnie Dyrektor ROPS w Opolu).<\/p>\n<p>Podczas pracowitego spotkania cz\u0142onkowie Kapitu\u0142y zdecydowali, \u017ce spo\u015br\u00f3d zg\u0142oszonych kandydatur Tytu\u0142 \u201eSerce Dziecku\u201d w 2022 roku otrzyma 5 os\u00f3b, tj.:<\/p>\n<ol>\n<li><strong>Pani Joanna\u00a0 \u0141aba<\/strong> \u2013 Prezes Stowarzyszenia na Rzecz Rozwoju Dzieci z Trisomi\u0105 21 w Opolu, z wnioskiem wyst\u0105pili podopieczni Stowarzyszenia. Uzasadniaj\u0105c sw\u00f3j wyb\u00f3r dzieci m.in. napisa\u0142y, \u017ce Pani Joanna wyr\u00f3\u017cnia si\u0119 kreatywno\u015bci\u0105, mi\u0142o\u015bci\u0105 do pracy z dzie\u0107mi, dobrymi ch\u0119ciami, dobroci\u0105, akceptacj\u0105 innych i wielkim sercem;<\/li>\n<li><strong>Pani Agnieszka Kossowska<\/strong> \u2013 Prezes Fundacji Rozwoju Edukacji Empatycznej FREE w Opolu, z wnioskiem wyst\u0105pili podopieczni Fundacji. Uzasadniaj\u0105c wyb\u00f3r dzieci napisa\u0142y, \u017ce Pani Agnieszka wyr\u00f3\u017cnia si\u0119 otwarto\u015bci\u0105, pomys\u0142owo\u015bci\u0105 we wspieraniu dzieci i m\u0142odzie\u017cy z r\u00f3\u017cnymi problemami rozwojowymi, a tak\u017ce p\u0142ynnie pos\u0142uguje si\u0119 j\u0119zykiem migowym. Ponadto jest osob\u0105 pozytywn\u0105 i zawsze u\u015bmiechni\u0119t\u0105;<\/li>\n<li><strong>Pani Sybilla Stelmach<\/strong> \u2013 W\u00f3jt Gminy Popiel\u00f3w, z wnioskiem wyst\u0105pi\u0142y dzieci i m\u0142odzie\u017c z Gminy Popiel\u00f3w. W uzasadnieniu wyboru dzieci napisa\u0142y, \u017ce Pani Sybilla wyr\u00f3\u017cnia si\u0119 niezwyk\u0142\u0105 otwarto\u015bci\u0105 na problemy dzieci i m\u0142odzie\u017cy, nie zapomina o relacjach z drugim cz\u0142owiekiem, a w szczeg\u00f3lno\u015bci z najm\u0142odszymi mieszka\u0144cami Gminy;<\/li>\n<li><strong>Pan Gerard Halama<\/strong> \u2013 Przewodnicz\u0105cy Wojew\u00f3dzkiego Zrzeszenia Ludowe Zespo\u0142y Sportowe w Opolu, z wnioskiem wyst\u0105pili uczniowie Zespo\u0142u Plac\u00f3wek Specjalnych w Nysie. Uzasadniaj\u0105c sw\u00f3j wyb\u00f3r dzieci napisa\u0142y, \u017ce Pan Gerard jest organizatorem i animatorem \u017cycia sportowego oraz interesuj\u0105cych inicjatyw zwi\u0105zanych z realizacj\u0105 imprez sportowych dla os\u00f3b niepe\u0142nosprawnych, podczas kt\u00f3rych uczniowie zawsze dobrze si\u0119 bawi\u0105 i zdobywaj\u0105 wiele nagr\u00f3d;<\/li>\n<li><strong>Pan Jan Ko\u0142odziej<\/strong> \u2013 So\u0142tys Dobrzenia Ma\u0142ego, z wnioskiem wyst\u0105pi\u0142y dzieci z Niepublicznego Przedszkola \u015aw. Franciszka w Dobrzeniu Ma\u0142ym. W uzasadnieniu dzieci napisa\u0142y, \u017ce Pan Jan jest organizatorem wielu wydarze\u0144 kulturalnych dla rodzin, wyr\u00f3\u017cnia si\u0119 godn\u0105 do na\u015bladowania postaw\u0105, a jego zaanga\u017cowanie spo\u0142eczne jest ukierunkowane na wewn\u0119trzn\u0105 integracj\u0119 mieszka\u0144c\u00f3w poprzez aktywne sp\u0119dzanie wolnego czasu. \u00a0<\/li>\n<\/ol>\n<p>Uroczysta ceremonia dekoracji tegorocznych Kawaler\u00f3w Medalu \u201eSerce Dziecku\u201d odb\u0119dzie si\u0119 <strong>10 wrze\u015bnia br. o godz. 15.30<\/strong> podczas Opolskiego Dnia Rodziny. O dok\u0142adnym miejscu wydarzenia poinformujemy w p\u00f3\u017aniejszym terminie.<\/p>\n<p>\u00a0<\/p>\n\n\n<div class=\"wp-block-image\">\n<figure class=\"aligncenter size-full\"><img decoding=\"async\" width=\"1386\" height=\"1041\" src=\"https:\/\/rops-opole.pl\/wp-content\/uploads\/2022\/07\/MSD2022.jpg\" alt=\"Na zdj\u0119ciu: Agnieszka Gabruk - \u00f3wczesna Z-ca Dyrektora ROPS w Opolu (obecnie Dyrektor ROPS w Opolu), Dzieci\u0119co \u2013 M\u0142odzie\u017cowa Kapitu\u0142a (od lewej):\u00a0 Anna Krukowska - PSP nr 2 w Opolu, Maja Widzyk - SP nr 5 w Nysie, Marek Ozimek - Zesp\u00f3\u0142 Szk\u00f3\u0142 w Dobrzeniu Wielkim.\" class=\"wp-image-2593\" srcset=\"https:\/\/rops-opole.pl\/wp-content\/uploads\/2022\/07\/MSD2022.jpg 1386w, https:\/\/rops-opole.pl\/wp-content\/uploads\/2022\/07\/MSD2022-788x592.jpg 788w, https:\/\/rops-opole.pl\/wp-content\/uploads\/2022\/07\/MSD2022-237x178.jpg 237w\" sizes=\"(max-width: 1386px) 100vw, 1386px\"><figcaption class=\"wp-element-caption\">Na zdj\u0119ciu: Agnieszka Gabruk \u2013 \u00f3wczesna Z-ca Dyrektora ROPS w Opolu (obecnie Dyrektor ROPS w Opolu), Dzieci\u0119co \u2013 M\u0142odzie\u017cowa Kapitu\u0142a (od lewej):\u00a0 Anna Krukowska \u2013 PSP nr 2 w Opolu, Maja Widzyk \u2013 SP nr 5 w Nysie, Marek Ozimek \u2013 Zesp\u00f3\u0142 Szk\u00f3\u0142 w Dobrzeniu Wielkim.<\/figcaption><\/figure>\n<\/div>\n\n\n<!--nextpage-->\n\n\n\n<p>2019 r.<\/p>\n\n\n\n<p>Ju\u017c od ponad 30 lat dzieci i m\u0142odzie\u017c z wojew\u00f3dztwa opolskiego maj\u0105 mo\u017cliwo\u015b\u0107 zg\u0142aszania swoich kandydat\u00f3w do Opolskiego Tytu\u0142u \u201eSerce Dziecku\u201d. Odznaczenie to przyznawane jest osobom doros\u0142ym, kt\u00f3re swoj\u0105 dzia\u0142alno\u015bci\u0105 i postaw\u0105 zdoby\u0142y zaufanie, sympati\u0119 i szacunek dzieci. Wyboru Kawaler\u00f3w Tytu\u0142u dokonuje Dzieci\u0119co \u2013 M\u0142odzie\u017cowa Kapitu\u0142a dzia\u0142aj\u0105ca pod patronatem Marsza\u0142ka Wojew\u00f3dztwa Opolskiego. Ca\u0142o\u015bci\u0105 spraw organizacyjnych zwi\u0105zanych z przyznawaniem Tytu\u0142u zajmuje si\u0119 Regionalny O\u015brodek Polityki Spo\u0142ecznej w Opolu.<\/p>\n\n\n\n<p>W sk\u0142ad Kapitu\u0142y wchodz\u0105 przewodnicz\u0105cy samorz\u0105d\u00f3w uczniowskich szk\u00f3\u0142 z woj. opolskiego. W tym roku cz\u0142onkami Kapitu\u0142y zostali:<\/p>\n\n\n\n<ol class=\"wp-block-list\">\n<li>Dawid Syposz \u2013 przedstawiciel Publicznej Szko\u0142y Podstawowej nr 2 w Opolu,<\/li>\n\n\n\n<li>Agnieszka Noculak \u2013 przedstawiciel Publicznej Szko\u0142y Podstawowej nr 2 w Kluczborku,<\/li>\n\n\n\n<li>Iga Go\u0142\u0119biowska \u2013 przedstawiciel Szko\u0142y Podstawowej nr 5 w Nysie,<\/li>\n\n\n\n<li>Julia Klockowska \u2013 przedstawiciel Publicznej Szko\u0142y Podstawowej w Bogacicy,<\/li>\n\n\n\n<li>Szymon Oliwa \u2013 przedstawiciel Zespo\u0142u Szk\u00f3\u0142 Ekonomicznych w Brzegu,<\/li>\n\n\n\n<li>Aleksandra Kobia\u0142ka \u2013 przedstawiciel Technikum Gastronomicznego w Centrum Kszta\u0142cenia Zawodowego i Ustawicznego w Strzelcach Opolskich.<\/li>\n<\/ol>\n\n\n\n<p>W Regionalnym O\u015brodku Polityki Spo\u0142ecznej w Opolu 5 czerwca 2019 r. odby\u0142o si\u0119 posiedzenie cz\u0142onk\u00f3w Kapitu\u0142y, kt\u00f3rych przywita\u0142a Agnieszka Gabruk \u2013 \u00f3wczesna Z-ca Dyrektora ROPS w Opolu (obecnie Dyrektor ROPS w Opolu). Podczas pracowitego spotkania cz\u0142onkowie Kapitu\u0142y zdecydowali, \u017ce spo\u015br\u00f3d 7 zg\u0142oszonych kandydatur Tytu\u0142 \u201eSerce Dziecku\u201d w 2019 roku otrzymaj\u0105 3 osoby, tj.:<\/p>\n\n\n\n<p><strong>Pani Joanna Matkowska<\/strong>\u00a0\u2013 wychowawczyni, bibliotekarka i instruktorka ta\u0144ca w Szkole Podstawowej w Polkowskiem, z wnioskiem wyst\u0105pili uczniowie Szko\u0142y Podstawowej w Polkowskiem. Uzasadniaj\u0105c sw\u00f3j wyb\u00f3r dzieci m.in. napisa\u0142y, \u017ce Pani Joanna jest zaanga\u017cowana w \u017cycie szko\u0142y, w kt\u00f3rej jest tylko 29 uczni\u00f3w, z kt\u00f3rymi osi\u0105ga liczne sukcesy w konkursach tanecznych, do kt\u00f3rych sama wymy\u015bla choreografi\u0119 oraz szyje stroje. Pani Joanna prowadzi lekcje ta\u0144ca w formie wolontariatu;<\/p>\n\n\n\n<p><strong>Pani Anna Wieczorek<\/strong>\u00a0\u2013 trenerka capoeiry, z wnioskiem wyst\u0105pili cz\u0142onkowie grupy Muzenza. W uzasadnieniu wyboru dzieci m.in. napisa\u0142y, \u017ce Pani Anna jest bardzo aktywna spo\u0142ecznie, prowadzi dla dzieci lekcje ze sztuki walki i ta\u0144ca capoeira w formie wolontariatu. Jest mistrzyni\u0105 \u015bwiata i Europy w tej dziedzinie. Dodatkowo dzia\u0142a w stowarzyszeniu, kt\u00f3re pomaga osobom ci\u0119\u017cko chorym na nowotwory;<\/p>\n\n\n\n<p><strong>Pan Ryszard Grajek<\/strong>\u00a0\u2013 dyrektor Prudnickiego O\u015brodka Kultury i Biblioteki Publicznej w Prudniku, z wnioskiem wyst\u0105pili podopieczni Domu Kultury w Prudniku. Uzasadniaj\u0105c wyb\u00f3r dzieci napisa\u0142y, \u017ce Pan Ryszard jest jednym z organizator\u00f3w imprez takich jak Dni Prudnika, Prudnickiej Jesieni i Wiosny Kulturalnej, Rajd\u00f3w Maluch\u00f3w oraz wielu innych. Ponadto jest bardzo zaanga\u017cowany w \u017cycie prudnickich dzieci.<\/p>\n\n\n<div class=\"wp-block-image\">\n<figure class=\"aligncenter size-large is-resized\"><img loading=\"lazy\" decoding=\"async\" width=\"799\" height=\"525\" src=\"http:\/\/rops-opole.pl\/wp-content\/uploads\/2020\/08\/Serce-dziecku-2019.jpg\" alt=\"Na zdj\u0119ciu Pani Agnieszka Gabruk - \u00f3wczesna Z-ca Dyrektora ROPS w Opolu (obecnie Dyrektor ROPS w Opolu) oraz Dzieci\u0119co - M\u0142odzie\u017cowa Kapitu\u0142a (od lewej): Iga Go\u0142\u0119biowska, Dawid Syposz, Agnieszka Noculak i Szymon Oliwa\" class=\"wp-image-1351\" style=\"width:574px;height:376px\" srcset=\"https:\/\/rops-opole.pl\/wp-content\/uploads\/2020\/08\/Serce-dziecku-2019.jpg 799w, https:\/\/rops-opole.pl\/wp-content\/uploads\/2020\/08\/Serce-dziecku-2019-268x176.jpg 268w\" sizes=\"(max-width: 799px) 100vw, 799px\"><figcaption class=\"wp-element-caption\">Na zdj\u0119ciu Pani Agnieszka Gabruk \u2013 \u00f3wczesna Z-ca Dyrektora ROPS w Opolu (obecnie Dyrektor ROPS w Opolu) oraz Dzieci\u0119co \u2013 M\u0142odzie\u017cowa Kapitu\u0142a (od lewej): Iga Go\u0142\u0119biowska, Dawid Syposz, Agnieszka Noculak i Szymon Oliwa<\/figcaption><\/figure>\n<\/div>\n\n\n<!--nextpage-->\n\n\n\n<p>2018 r.<\/p>\n\n\n\n<p>Ju\u017c od ponad 30 lat dzieci i m\u0142odzie\u017c z wojew\u00f3dztwa opolskiego maj\u0105 mo\u017cliwo\u015b\u0107 zg\u0142aszania swoich kandydat\u00f3w do Opolskiego Tytu\u0142u \u201eSerce Dziecku\u201d. Odznaczenie to przyznawane jest osobom doros\u0142ym, kt\u00f3re swoj\u0105 dzia\u0142alno\u015bci\u0105 i postaw\u0105 zdoby\u0142y zaufanie, sympati\u0119 i szacunek dzieci. Wyboru Kawaler\u00f3w Tytu\u0142u dokonuje Dzieci\u0119co \u2013 M\u0142odzie\u017cowa Kapitu\u0142a powo\u0142ana Zarz\u0105dzeniem Marsza\u0142ka Wojew\u00f3dztwa Opolskiego. Ca\u0142o\u015bci\u0105 spraw organizacyjnych zwi\u0105zanych z przyznawaniem Tytu\u0142u zajmuje si\u0119 Regionalny O\u015brodek Polityki Spo\u0142ecznej w Opolu. W sk\u0142ad Kapitu\u0142y wchodz\u0105 przewodnicz\u0105cy samorz\u0105d\u00f3w uczniowskich szk\u00f3\u0142 z wojew\u00f3dztwa opolskiego.<\/p>\n\n\n\n<p>W tym roku cz\u0142onkami Kapitu\u0142y zostali:<br>1. \u0141ukasz Wowczy\u0144ski \u2013\u00a0<em>przedstawiciel Zespo\u0142u Szk\u00f3\u0142 Ekonomicznych w Brzegu,<\/em><br>2. Aleksandra Bielska \u2013\u00a0<em>przedstawicielka Publicznej Szko\u0142y Podstawowej Nr 2 im. Janusza Korczaka w Kluczborku,<\/em><br>3. Ewa Juszczak \u2013\u00a0<em>przedstawicielka Publicznej Szko\u0142y Podstawowej Nr 2 im. Polskich Olimpijczyk\u00f3w z oddzia\u0142ami gimnazjalnymi w Opolu,<\/em><br>4. Aleksandra Kobia\u0142ka \u2013\u00a0<em>przedstawicielka Centrum Kszta\u0142cenia Zawodowego i Ustawicznego w Strzelcach Opolskich,<\/em><br>5. Magdalena Konieczna \u2013\u00a0<em>przedstawicielka Publicznej Szko\u0142y Podstawowej im. Bohater\u00f3w II Brygady Pancernej w Bogacicy,<\/em><br>6. Barbara Pach \u2013\u00a0<em>przedstawicielka Szko\u0142y Podstawowej nr 5 im. Warszawskiej Dywizji Zmechanizowanej J.H. D\u0105browskiego w Nysie.<\/em><\/p>\n\n\n\n<p>W dniu 23 maja 2018 r. w Regionalnym O\u015brodku Polityki Spo\u0142ecznej w Opolu odby\u0142o si\u0119 posiedzenie cz\u0142onk\u00f3w Kapitu\u0142y. Podczas obrad cz\u0142onkowie Kapitu\u0142y zdecydowali, \u017ce spo\u015br\u00f3d 8 zg\u0142oszonych kandydatur\u00a0<strong>Tytu\u0142 \u201eSerce Dziecku\u201d<\/strong>\u00a0w 2018 roku otrzymaj\u0105 2 osoby, tj.:<br><strong>1) Druh Julian Kie\u0142basa (po\u015bmiertnie)<\/strong>\u00a0\u2013 z wnioskiem o nadanie odznaczenia wyst\u0105pili Uczestnicy Przegl\u0105d\u00f3w Zespo\u0142\u00f3w Artystycznych Nieprzetartego Szlaku ZHP w Grodkowie. Uzasadniaj\u0105c sw\u00f3j wyb\u00f3r dzieci m. in. napisa\u0142y:\u00a0<em>\u201e(.) Zanim odszed\u0142 na Wieczysta Wart\u0119 ( jak m\u00f3wimy o zmar\u0142ych harcerzach), w trakcie swojego \u017cycia dostrzega\u0142 potrzeby dzieci i m\u0142odzie\u017cy niepe\u0142nosprawnej, upomina\u0142 si\u0119 o ich prawa spo\u0142eczno\u015bci lokalnej i stworzy\u0142 od podstaw wydarzenie, na kt\u00f3re przyje\u017cd\u017cali niepe\u0142nosprawni uczestnicy z wielu region\u00f3w Polski i zagranicy. To wydarzenie to: Przegl\u0105d Zespo\u0142\u00f3w Artystycznych Nieprzetartego Szlaku ZHP w Grodkowie. \u201eNieprzetarty Szlak\u201d to kryptonim dru\u017cyn harcerskich zrzeszaj\u0105cych harcerzy niepe\u0142nosprawnych. Druh Julian dostrzega\u0142 potencja\u0142 w tych dzieciach, kt\u00f3re w oczach \u015bwiata cz\u0119sto postrzegane s\u0105, jako ma\u0142o zdolne, zale\u017cne od innych, s\u0142abe, wycofane, niepe\u0142nowarto\u015bciowe. Pracuj\u0105c z nimi zawodowo, jako pedagog specjalny oraz instruktor harcerski wydobywa\u0142 z nich talenty, kt\u00f3re, na co dzie\u0144 by\u0142y niedostrze\u017cone. Nie tylko sprawi\u0142, ze dzieci niepe\u0142nosprawne intelektualnie, niewidome, nies\u0142ysz\u0105ce prezentowa\u0142y sw\u00f3j dorobek artystyczny, ale r\u00f3wnie\u017c integrowa\u0142 je z pe\u0142nosprawnymi r\u00f3wie\u015bnikami.\u201d<\/em><br><strong>2) Druh Krzysztof P\u0119dziwiatr<\/strong>\u00a0\u2013 nauczyciel w Gimnazjum nr 2 w Grodkowie, Komendant Hufca ZHP w Brzegu. Z wnioskiem o nadanie odznaczenia wyst\u0105pili Uczestnicy Przegl\u0105d\u00f3w Zespo\u0142\u00f3w Artystycznych Nieprzetartego Szlaku ZHP w Grodkowie, kt\u00f3rzy uzasadniaj\u0105c sw\u00f3j wyb\u00f3r napisali mi\u0119dzy innymi:\u00a0<em>\u201e(.) Druh Krzysztof dzi\u0119ki zaanga\u017cowaniu m\u0142odych ludzi w dzia\u0142alno\u015bci ZHP wychowuje ich do takich warto\u015bci jak: dobro\u0107, bezinteresowno\u015b\u0107, pomoc, empatia, tolerancja, tw\u00f3rczo\u015b\u0107, aktywno\u015b\u0107, pracy dla innych, wolno\u015bci od uzale\u017cnie\u0144. Druh P\u0119dziwiatr anga\u017cuje m\u0142odych, pe\u0142nosprawnych harcerzy do pomocy innym osobom niepe\u0142nosprawnym, bycia z nimi w atmosferze otwarto\u015bci i akceptacji. To sprawia, \u017ce nasz \u015bwiat ma szans\u0119 stawa\u0107 si\u0119 lepszym i pi\u0119kniejszym.\u201d Dzieci we wniosku r\u00f3wnie\u017c napisa\u0142y, i\u017c Druh Krzysztof organizuje nadal Przegl\u0105d Zespo\u0142\u00f3w Artystycznych Nieprzetartego Szlaku ZHP, a tym samym kontynuuje Dzie\u0142o \u017cycia Druha Juliana Kie\u0142basy, kt\u00f3re przetrwa\u0142o mimo \u017ce Jego ju\u017c w\u015br\u00f3d nas nie ma. Druh Julian i Druh Krzysztof \u2013 kontynuator jego wspania\u0142ego Przegl\u0105du \u2013 to prawdziwi ambasadorzy os\u00f3b z niepe\u0142nosprawno\u015bciami.<\/em><\/p>\n\n\n<div class=\"wp-block-image\">\n<figure class=\"aligncenter size-large is-resized\"><img loading=\"lazy\" decoding=\"async\" width=\"2375\" height=\"1101\" src=\"http:\/\/rops-opole.pl\/wp-content\/uploads\/2020\/08\/medal-serce-dziecku-2018-1.jpg\" alt=\"Na zdj\u0119ciu Pan Adam R\u00f3\u017cycki - \u00f3wczesny Dyrektor ROPS w Opolu i Pani Agnieszka Gabruk - \u00f3wczesna Z-ca Dyrektora ROPS w Opolu (obecnie Dyrektor ROPS w Opolu) oraz Dzieci\u0119co - M\u0142odzie\u017cowa Kapitu\u0142a (od lewej): Ewa Juszczak, Aleksandra Kobia\u0142ka, \u0141ukasz Wowczy\u0144ski, Barbara Pach, Aleksandra Bielska\" class=\"wp-image-1354\" style=\"width:582px;height:269px\" srcset=\"https:\/\/rops-opole.pl\/wp-content\/uploads\/2020\/08\/medal-serce-dziecku-2018-1.jpg 2375w, https:\/\/rops-opole.pl\/wp-content\/uploads\/2020\/08\/medal-serce-dziecku-2018-1-1536x712.jpg 1536w, https:\/\/rops-opole.pl\/wp-content\/uploads\/2020\/08\/medal-serce-dziecku-2018-1-2048x949.jpg 2048w, https:\/\/rops-opole.pl\/wp-content\/uploads\/2020\/08\/medal-serce-dziecku-2018-1-890x413.jpg 890w, https:\/\/rops-opole.pl\/wp-content\/uploads\/2020\/08\/medal-serce-dziecku-2018-1-268x124.jpg 268w\" sizes=\"(max-width: 2375px) 100vw, 2375px\"><figcaption class=\"wp-element-caption\">Na zdj\u0119ciu Pan Adam R\u00f3\u017cycki \u2013 \u00f3wczesny Dyrektor ROPS w Opolu i Pani Agnieszka Gabruk \u2013 \u00f3wczesna Z-ca Dyrektora ROPS w Opolu (obecnie Dyrektor ROPS w Opolu) oraz Dzieci\u0119co \u2013 M\u0142odzie\u017cowa Kapitu\u0142a (od lewej): Ewa Juszczak, Aleksandra Kobia\u0142ka, \u0141ukasz Wowczy\u0144ski, Barbara Pach, Aleksandra Bielska<\/figcaption><\/figure>\n<\/div>\n\n\n<p>Uroczysta ceremonia dekoracji odby\u0142a si\u0119 w dniu 10 czerwca br. Medal \u201eSerce Dziecku\u201d przyznany druhowi Julianowi Kie\u0142basie (po\u015bmiertnie) oraz druhowi Krzysztofowi P\u0119dziwiatrowi to wyraz podzi\u0119kowania za kszta\u0142towanie u najm\u0142odszych empatii, m\u0105dro\u015bci \u017cyciowej i wra\u017cliwo\u015bci na niepe\u0142nosprawno\u015b\u0107.<\/p>\n\n\n\n<p>Jak przyzna\u0142 Krzysztof P\u0119dziwiatr, praca z dzie\u0107mi towarzyszy\u0142a mu ju\u017c od lat m\u0142odzie\u0144czych. \u2013 Mia\u0142em 15 lat, kiedy za\u0142o\u017cy\u0142em w Wa\u0142brzychu swoj\u0105 pierwsz\u0105 dru\u017cyn\u0119 harcersk\u0105. Ta wspania\u0142a przygoda trwa do dzi\u015b \u2013 m\u00f3wi. W swojej pracy stara si\u0119 zawsze pokaza\u0107 m\u0142odym ludziom, \u017ce mo\u017cna robi\u0107 co\u015b dla innych, szczeg\u00f3lnie dla dzieci niepe\u0142nosprawnych. \u2013 Niesamowite jest, jak\u0105 empati\u0119 i integracj\u0119 potrafi\u0105 oni wykazywa\u0107, najm\u0142odszy nasz wolontariusz ma 10 lat \u2013 m\u00f3wi z rado\u015bci\u0105.<\/p>\n\n\n\n<p>Medal w imieniu zmar\u0142ego Juliana Kie\u0142basy odebra\u0142 jego syn Krzysztof. \u2013 Tato ca\u0142e \u017cycie podkre\u015bla\u0142, \u017ceby patrze\u0107 w serce dziecka, nie sugerowa\u0107 si\u0119 jego pochodzeniem. Nale\u017cy je obserwowa\u0107, by\u0107 z nimi. Znajdowa\u0107, to, co w nim jest najcenniejsze, najwspanialsze. Nale\u017cy to wydoby\u0107 i poprowadzi\u0107 je przez drog\u0119 \u017cyciow\u0105 \u2013 m\u00f3wi\u0142 z sentymentem.<\/p>\n\n\n\n<p>Medale wr\u0119czy\u0142 wicemarsza\u0142ek Roman Kolek podczas XXIV Festynu Fundacji \u201eDom Rodzinnej Rehabilitacji Dzieci z Pora\u017ceniem M\u00f3zgowym\u201d na Placu Wolno\u015bci w Opolu. Tradycyjny sok z cytryny, podany laureatom by\u0142o testem na zachowanie u\u015bmiechu, mimo kwa\u015bnego smaku.<\/p>\n\n\n\n<figure class=\"wp-block-gallery has-nested-images columns-2 is-cropped wp-block-gallery-1 is-layout-flex wp-block-gallery-is-layout-flex\">\n<figure class=\"wp-block-image size-large\"><img loading=\"lazy\" decoding=\"async\" width=\"1360\" height=\"768\" data-id=\"1157\" src=\"http:\/\/rops-opole.pl\/wp-content\/uploads\/2020\/08\/2018_01.jpg\" alt=\"\" class=\"wp-image-1157\" srcset=\"https:\/\/rops-opole.pl\/wp-content\/uploads\/2020\/08\/2018_01.jpg 1360w, https:\/\/rops-opole.pl\/wp-content\/uploads\/2020\/08\/2018_01-890x503.jpg 890w, https:\/\/rops-opole.pl\/wp-content\/uploads\/2020\/08\/2018_01-268x151.jpg 268w\" sizes=\"(max-width: 1360px) 100vw, 1360px\"><\/figure>\n\n\n\n<figure class=\"wp-block-image size-large\"><img loading=\"lazy\" decoding=\"async\" width=\"2560\" height=\"1445\" data-id=\"1158\" src=\"http:\/\/rops-opole.pl\/wp-content\/uploads\/2020\/08\/2018_02-scaled.jpg\" alt=\"\" class=\"wp-image-1158\" srcset=\"https:\/\/rops-opole.pl\/wp-content\/uploads\/2020\/08\/2018_02-scaled.jpg 2560w, https:\/\/rops-opole.pl\/wp-content\/uploads\/2020\/08\/2018_02-1536x867.jpg 1536w, https:\/\/rops-opole.pl\/wp-content\/uploads\/2020\/08\/2018_02-2048x1156.jpg 2048w, https:\/\/rops-opole.pl\/wp-content\/uploads\/2020\/08\/2018_02-890x502.jpg 890w, https:\/\/rops-opole.pl\/wp-content\/uploads\/2020\/08\/2018_02-268x151.jpg 268w\" sizes=\"(max-width: 2560px) 100vw, 2560px\"><\/figure>\n\n\n\n<figure class=\"wp-block-image size-large\"><img loading=\"lazy\" decoding=\"async\" width=\"2560\" height=\"1445\" data-id=\"1159\" src=\"http:\/\/rops-opole.pl\/wp-content\/uploads\/2020\/08\/2018_03-scaled.jpg\" alt=\"\" class=\"wp-image-1159\" srcset=\"https:\/\/rops-opole.pl\/wp-content\/uploads\/2020\/08\/2018_03-scaled.jpg 2560w, https:\/\/rops-opole.pl\/wp-content\/uploads\/2020\/08\/2018_03-1536x867.jpg 1536w, https:\/\/rops-opole.pl\/wp-content\/uploads\/2020\/08\/2018_03-2048x1156.jpg 2048w, https:\/\/rops-opole.pl\/wp-content\/uploads\/2020\/08\/2018_03-890x502.jpg 890w, https:\/\/rops-opole.pl\/wp-content\/uploads\/2020\/08\/2018_03-268x151.jpg 268w\" sizes=\"(max-width: 2560px) 100vw, 2560px\"><\/figure>\n\n\n\n<figure class=\"wp-block-image size-large\"><img loading=\"lazy\" decoding=\"async\" width=\"2560\" height=\"1445\" data-id=\"1161\" src=\"http:\/\/rops-opole.pl\/wp-content\/uploads\/2020\/08\/2018_04-scaled.jpg\" alt=\"\" class=\"wp-image-1161\" srcset=\"https:\/\/rops-opole.pl\/wp-content\/uploads\/2020\/08\/2018_04-scaled.jpg 2560w, https:\/\/rops-opole.pl\/wp-content\/uploads\/2020\/08\/2018_04-1536x867.jpg 1536w, https:\/\/rops-opole.pl\/wp-content\/uploads\/2020\/08\/2018_04-2048x1156.jpg 2048w, https:\/\/rops-opole.pl\/wp-content\/uploads\/2020\/08\/2018_04-890x502.jpg 890w, https:\/\/rops-opole.pl\/wp-content\/uploads\/2020\/08\/2018_04-268x151.jpg 268w\" sizes=\"(max-width: 2560px) 100vw, 2560px\"><\/figure>\n<\/figure>\n\n\n\n<!--nextpage-->\n\n\n\n<p>2017 r.<\/p>\n\n\n\n<p>Ju\u017c od 30 lat dzieci i m\u0142odzie\u017c z wojew\u00f3dztwa opolskiego maj\u0105 mo\u017cliwo\u015b\u0107 zg\u0142aszania swoich kandydat\u00f3w do Opolskiego Tytu\u0142u \u201eSerce Dziecku\u201d. Odznaczenie to przyznawane jest osobom doros\u0142ym, kt\u00f3re swoj\u0105 dzia\u0142alno\u015bci\u0105 i postaw\u0105 zdoby\u0142y zaufanie, sympati\u0119 i szacunek dzieci. Wyboru Kawaler\u00f3w Tytu\u0142u dokonuje Dzieci\u0119co \u2013 M\u0142odzie\u017cowa Kapitu\u0142a dzia\u0142aj\u0105ca pod patronatem Marsza\u0142ka Wojew\u00f3dztwa Opolskiego. Ca\u0142o\u015bci\u0105 spraw organizacyjnych zwi\u0105zanych z przyznawaniem Tytu\u0142u zajmuje si\u0119 Regionalny O\u015brodek Polityki Spo\u0142ecznej w Opolu.<br>W sk\u0142ad Kapitu\u0142y wchodz\u0105 przewodnicz\u0105cy samorz\u0105d\u00f3w uczniowskich szk\u00f3\u0142 z woj. opolskiego. W tym roku cz\u0142onkami Kapitu\u0142y zostali:<br>1) Ewa Juszczak \u2013 przedstawiciel Publicznej Szko\u0142y Podstawowej nr 2 w Opolu,<br>2) Kamil \u015aliwi\u0144ski \u2013 przedstawiciel Publicznej Szko\u0142y Podstawowej nr 2 w Kluczborku,<br>3) Wioletta Kapera \u2013 przedstawiciel Gimnazjum nr 1 w Nysie,<br>4) Weronika Kubas \u2013 przedstawiciel Publicznego Gimnazjum nr 2 w Bogacicy,<br>5) \u0141ukasz Wowczy\u0144ski \u2013 przedstawiciel Zespo\u0142u Szk\u00f3\u0142 Ekonomicznych w Brzegu,<br>6) Aleksandra Kobia\u0142ka \u2013 przedstawiciel Technikum Gastronomicznego w Centrum Kszta\u0142cenia Zawodowego i Ustawicznego w Strzelcach Opolskich.<br>W Regionalnym O\u015brodku Polityki Spo\u0142ecznej w Opolu 30 maja 2017 r. odby\u0142o si\u0119 posiedzenie cz\u0142onk\u00f3w Kapitu\u0142y, kt\u00f3rych przywita\u0142a Agnieszka Gabruk \u2013 \u00f3wczesna Z-ca Dyrektora ROPS w Opolu (obecnie Dyrektor ROPS w Opolu).<br>Podczas pracowitego spotkania cz\u0142onkowie Kapitu\u0142y zdecydowali, \u017ce spo\u015br\u00f3d 5 zg\u0142oszonych kandydatur Tytu\u0142 \u201eSerce Dziecku\u201d w 2017 roku otrzymaj\u0105 2 osoby, tj.:<br>1)\u00a0<strong>Pan Marek B\u0142och<\/strong>\u00a0\u2013 nauczyciel wychowania fizycznego w Publicznym Zespole Szk\u00f3\u0142 w J\u0119drzejowie, z wnioskiem wyst\u0105pili uczniowie Publicznego Zespo\u0142u Szk\u00f3\u0142 w J\u0119drzejowie.<br>Uzasadniaj\u0105c sw\u00f3j wyb\u00f3r dzieci m.in. napisa\u0142y: \u201e(.) z wszystkim mo\u017cemy si\u0119 do Niego zwr\u00f3ci\u0107 \u2013 bo stwarza tak\u0105 atmosfer\u0119, \u017ce serce samo si\u0119 otwiera i m\u00f3wi wiele na r\u00f3\u017cne tematy. Traktujemy szko\u0142\u0119 jako drugi dom, bo czujemy si\u0119 w niej bezpiecznie i przyja\u017anie, jeste\u015bmy jedn\u0105, wielk\u0105 rodzin\u0105, a Pan Marek w tej szkolnej rodzinie odgrywa bardzo du\u017c\u0105 rol\u0119 (.). Jest bardzo zaanga\u017cowany w nasz rozw\u00f3j intelektualny, spo\u0142eczny, emocjonalny i sportowy co przek\u0142ada si\u0119 p\u00f3\u017aniej na nasze zachowania w szkole, na zawodach, wyjazdach czy wycieczkach.\u201d<br>2)\u00a0<strong>Pan Marcin Pawlicki<\/strong>\u00a0\u2013 funkcjonariusz S\u0142u\u017cby Wi\u0119ziennej w Kluczborku, z wnioskiem wyst\u0105pi\u0142y dzieci, kt\u00f3re otrzyma\u0142y pomoc dzi\u0119ki organizowanym przez Pana Pawlickiego akcjom charytatywnym. W uzasadnieniu wyboru dzieci m.in. napisa\u0142y: \u201e(.) pomimo wielu zada\u0144 jakie przynosi ze sob\u0105 ka\u017cdy kolejny dzie\u0144 s\u0142u\u017cby w mundurze znajduje w sobie i kieruje si\u0119 potrzeb\u0105 pomagania tym, kt\u00f3rzy najbardziej tego wsparcia potrzebuj\u0105, nie oczekuj\u0105c nic w zamian (.) m.in. przy akcjach: \u201eSpokojny Sen Dziecka\u201d, \u201eZd\u0105\u017cy\u0107 z Pomoc\u0105\u201d, \u201eDawcy Narz\u0105d\u00f3w\u201d, \u201eZosta\u0144 Dawc\u0105 Szpiku\u201d. (.) Pan Marcin Pawlicki zawsze uwa\u017ca\u0142, ze czasami nie spos\u00f3b naprawi\u0107 z\u0142ych zrz\u0105dze\u0144 losu, odwr\u00f3ci\u0107 smutnego biegu wydarze\u0144 czy prawdziwie ukoi\u0107 cierpi\u0105cego cz\u0142owieka i jego bliskich. To jednak nikogo nie zwalnia z podejmowania pr\u00f3b.\u201d<br>Uroczysta ceremonia dekoracji odby\u0142a si\u0119 11 czerwca br. podczas XXIII Festynu Fundacji \u201eDom Rodzinnej Rehabilitacji Dzieci z Pora\u017ceniem M\u00f3zgowym\u201d na Placu Wolno\u015bci w Opolu.<\/p>\n\n\n<div class=\"wp-block-image\">\n<figure class=\"aligncenter size-large is-resized\"><img loading=\"lazy\" decoding=\"async\" width=\"690\" height=\"447\" src=\"http:\/\/rops-opole.pl\/wp-content\/uploads\/2020\/08\/medal-serce-dziecku-2017.jpg\" alt=\"\u00d3wczesna Z-ca Dyrektora ROPS w Opolu Agnieszka Gabruk (obecnie Dyrektor ROPS w Opolu), Dzieci\u0119co - M\u0142odzie\u017cowa Kapitu\u0142a (od lewej): Kamil \u015aliwi\u0144ski, Ewa Juszczak, Weronika Kubas, Aleksandra Kobia\u0142ka, \u0141ukasz Wowczy\u0144ski\" class=\"wp-image-1357\" style=\"width:577px;height:373px\" srcset=\"https:\/\/rops-opole.pl\/wp-content\/uploads\/2020\/08\/medal-serce-dziecku-2017.jpg 690w, https:\/\/rops-opole.pl\/wp-content\/uploads\/2020\/08\/medal-serce-dziecku-2017-268x174.jpg 268w\" sizes=\"(max-width: 690px) 100vw, 690px\"><figcaption class=\"wp-element-caption\">\u00d3wczesna Z-ca Dyrektora ROPS w Opolu Agnieszka Gabruk (obecnie Dyrektor ROPS w Opolu), Dzieci\u0119co \u2013 M\u0142odzie\u017cowa Kapitu\u0142a (od lewej): Kamil \u015aliwi\u0144ski, Ewa Juszczak, Weronika Kubas, Aleksandra Kobia\u0142ka, \u0141ukasz Wowczy\u0144ski<\/figcaption><\/figure>\n<\/div>\n\n<div class=\"wp-block-image\">\n<figure class=\"aligncenter size-large is-resized\"><img loading=\"lazy\" decoding=\"async\" width=\"1350\" height=\"1080\" src=\"http:\/\/rops-opole.pl\/wp-content\/uploads\/2020\/08\/SD2017.jpg\" alt=\"Wr\u0119czenie medali\" class=\"wp-image-1359\" style=\"width:574px;height:458px\" srcset=\"https:\/\/rops-opole.pl\/wp-content\/uploads\/2020\/08\/SD2017.jpg 1350w, https:\/\/rops-opole.pl\/wp-content\/uploads\/2020\/08\/SD2017-740x592.jpg 740w, https:\/\/rops-opole.pl\/wp-content\/uploads\/2020\/08\/SD2017-223x178.jpg 223w\" sizes=\"(max-width: 1350px) 100vw, 1350px\"><\/figure>\n<\/div>\n\n\n<!--nextpage-->\n\n\n\n<p>2016 r.<\/p>\n\n\n\n<p>Od 1987 r. dzieci i m\u0142odzie\u017c z wojew\u00f3dztwa opolskiego maj\u0105 mo\u017cliwo\u015b\u0107 zg\u0142aszania swoich kandydat\u00f3w do Opolskiego Tytu\u0142u \u201eSerce Dziecku\u201d. Odznaczenie to przyznawane jest osobom doros\u0142ym, kt\u00f3re swoj\u0105 dzia\u0142alno\u015bci\u0105 i postaw\u0105 zdoby\u0142y zaufanie, sympati\u0119 i szacunek dzieci. Wyboru Kawaler\u00f3w Tytu\u0142u dokonuje Dzieci\u0119co \u2013 M\u0142odzie\u017cowa Kapitu\u0142a dzia\u0142aj\u0105ca pod patronatem Marsza\u0142ka Wojew\u00f3dztwa Opolskiego. Ca\u0142o\u015bci\u0105 spraw organizacyjnych zwi\u0105zanych z przyznawaniem Tytu\u0142u zajmuje si\u0119 Regionalny O\u015brodek Polityki Spo\u0142ecznej w Opolu. W sk\u0142ad Kapitu\u0142y wchodz\u0105 przewodnicz\u0105cy samorz\u0105d\u00f3w uczniowskich szk\u00f3\u0142 z woj. opolskiego. W tym roku cz\u0142onkami Kapitu\u0142y zostali:<\/p>\n\n\n\n<p>1) Micha\u0142 Kaniuka \u2013 przedstawiciel Publicznej Szko\u0142y Podstawowej nr 2 w Opolu,<br>2) Agnieszka Noculak \u2013 przedstawiciel Publicznej Szko\u0142y Podstawowej nr 2 w Kluczborku,<br>3) Ma\u0142gorzata Kocierz \u2013 przedstawiciel Gimnazjum nr 1 w Nysie,<br>4) Julia Moska \u2013 przedstawiciel Publicznego Gimnazjum nr 2 w Bogacicy,<br>5) Pawe\u0142 Wantuch \u2013 przedstawiciel Zespo\u0142u Szk\u00f3\u0142 Ekonomicznych w Brzegu,<br>6) Aleksandra Kobia\u0142ka \u2013 przedstawiciel Technikum Gastronomicznego w Centrum Kszta\u0142cenia Zawodowego i Ustawicznego w Strzelcach Opolskich.<\/p>\n\n\n\n<p>W ROPS w Opolu 7 czerwca 2016 r. odby\u0142o si\u0119 posiedzenie cz\u0142onk\u00f3w Kapitu\u0142y, kt\u00f3rych przywita\u0142 \u00f3wczesny Dyrektor ROPS w Opolu Pan Adam R\u00f3\u017cycki. Podczas spotkania cz\u0142onkowie Kapitu\u0142y zdecydowali, \u017ce tegorocznym Kawalerem Medalu \u201eSerce Dziecku\u201d zostanie Pani Iwona Siembida \u2013 nauczycielka z Publicznej Szko\u0142y Podstawowej nr 4 im. Marii Konopnickiej w Prudniku, dla kt\u00f3rej z wnioskiem o przyznanie Medalu wyst\u0105pili uczniowie ww. Szko\u0142y. Uzasadniaj\u0105c wyb\u00f3r Pani Iwony Siembidy, Kapitu\u0142a napisa\u0142a m.in. \u201ePani Iwona jest przede wszystkim zaanga\u017cowanym nauczycielem, kt\u00f3ry bezinteresownie po\u015bwi\u0119ca sw\u00f3j czas wolny swoim podopiecznym. Zawsze stara si\u0119 urozmaici\u0107 zaj\u0119cia, zaprasza ciekawych i znanych ludzi. (.) Przekazuje warto\u015bci takie jak ekologia, bezpiecze\u0144stwo i tolerancja. Dzi\u0119ki Pani Iwonie dzieci odnosz\u0105 du\u017ce sukcesy\u201d.<\/p>\n\n\n<div class=\"wp-block-image\">\n<figure class=\"aligncenter size-large is-resized\"><img loading=\"lazy\" decoding=\"async\" width=\"690\" height=\"483\" src=\"http:\/\/rops-opole.pl\/wp-content\/uploads\/2020\/08\/medal-serce-dziecku-2016.jpg\" alt=\"\u00d3wczesny Dyrektor ROPS w Opolu Adam R\u00f3\u017cycki oraz Dzieci\u0119co - M\u0142odzie\u017cowa Kapitu\u0142a: (od lewej) Micha\u0142 Kaniuka, Pawe\u0142 Wantuch, Agnieszka Noculak, Aleksandra Kobia\u0142ka\" class=\"wp-image-1363\" style=\"width:576px;height:403px\" srcset=\"https:\/\/rops-opole.pl\/wp-content\/uploads\/2020\/08\/medal-serce-dziecku-2016.jpg 690w, https:\/\/rops-opole.pl\/wp-content\/uploads\/2020\/08\/medal-serce-dziecku-2016-254x178.jpg 254w\" sizes=\"(max-width: 690px) 100vw, 690px\"><figcaption class=\"wp-element-caption\">\u00d3wczesny Dyrektor ROPS w Opolu Pan Adam R\u00f3\u017cycki oraz Dzieci\u0119co \u2013 M\u0142odzie\u017cowa Kapitu\u0142a: (od lewej) Micha\u0142 Kaniuka, Pawe\u0142 Wantuch, Agnieszka Noculak, Aleksandra Kobia\u0142ka<\/figcaption><\/figure>\n<\/div>\n\n\n<p><br><\/p>\n\n\n\n<!--nextpage-->\n\n\n\n<p>2015 r.<\/p>\n\n\n\n<p>Od 1987 r. dzieci i m\u0142odzie\u017c z wojew\u00f3dztwa opolskiego maj\u0105 mo\u017cliwo\u015b\u0107 zg\u0142aszania swoich kandydat\u00f3w do Opolskiego Tytu\u0142u \u201eSerce Dziecku\u201d. Odznaczenie to przyznawane jest osobom doros\u0142ym, kt\u00f3re swoj\u0105 dzia\u0142alno\u015bci\u0105 i postaw\u0105 zdoby\u0142y zaufanie, sympati\u0119 i szacunek dzieci. Wyboru Kawaler\u00f3w Tytu\u0142u dokonuje Dzieci\u0119co \u2013 M\u0142odzie\u017cowa Kapitu\u0142a dzia\u0142aj\u0105ca pod patronatem Marsza\u0142ka Wojew\u00f3dztwa Opolskiego. Ca\u0142o\u015bci\u0105 spraw organizacyjnych zwi\u0105zanych z przyznawaniem Tytu\u0142u zajmuje si\u0119 Regionalny O\u015brodek Polityki Spo\u0142ecznej w Opolu.<\/p>\n\n\n\n<p>W sk\u0142ad Kapitu\u0142y wchodz\u0105 przewodnicz\u0105cy samorz\u0105d\u00f3w uczniowskich szk\u00f3\u0142 z woj. opolskiego. W tym roku cz\u0142onkami Kapitu\u0142y zostali:<br>1) Agnieszka Jarosz \u2013 przedstawiciel Publicznej Szko\u0142y Podstawowej nr 14 w Opolu,<br>2) Kinga Olejniczak \u2013 przedstawiciel Publicznej Szko\u0142y Podstawowej nr 2 w Kluczborku,<br>3) Alicja Wojtk\u00f3w \u2013 przedstawiciel Gimnazjum nr 1 w Nysie,<br>4) Katarzyna Smereczy\u0144ska \u2013 przedstawiciel Publicznego Gimnazjum nr 2 w Bogacicy,<br>5) Pawe\u0142 Wantuch \u2013 przedstawiciel Zespo\u0142u Szk\u00f3\u0142 Ekonomicznych w Brzegu,<br>6) Aneta Drewniok \u2013 przedstawiciel Technikum Ekonomicznego w Centrum Kszta\u0142cenia Zawodowego i Ustawicznego w Strzelcach Opolskich.<\/p>\n\n\n\n<p>W ROPS w Opolu w dn. 21 maja 2014 r. odby\u0142o si\u0119 posiedzenie cz\u0142onk\u00f3w Kapitu\u0142y, kt\u00f3rych przywita\u0142 \u00f3wczesny dyrektor ROPS w Opolu Pan Adam R\u00f3\u017cycki. Podczas pracowitego spotkania cz\u0142onkowie Kapitu\u0142y zdecydowali, \u017ce spo\u015br\u00f3d 6 zg\u0142oszonych kandydatur Tytu\u0142 \u201eSerce Dziecku\u201d otrzymaj\u0105 3 osoby, tj.:<\/p>\n\n\n\n<p>1)\u00a0<strong>Pani Krystyna Wilisowska<\/strong>\u00a0\u2013 kierownik Powiatowego Centrum Pomocy Rodzinie w Prudniku, dla kt\u00f3rej z wnioskiem o nadanie Tytu\u0142u wyst\u0105pili uczniowie Publicznej Szko\u0142y Podstawowej im. Adama Mickiewicza w Szonowie,<\/p>\n\n\n\n<p>2)\u00a0<strong>Pani Gra\u017cyna Kunka<\/strong>\u00a0\u2013 nauczycielka muzyki i bibliotekarka szkolna w Zespole Szkolno \u2013 Przedszkolnym nr 2 w Prudniku, dla kt\u00f3rej z wnioskiem o nadanie Tytu\u0142u wyst\u0105pi\u0142y dzieci z Publicznego Przedszkola nr 4 w Prudniku,<\/p>\n\n\n\n<p>3)\u00a0<strong>Pan Miros\u0142aw Mandryga<\/strong>\u00a0\u2013 harcmistrz, Komendant Kr\u0119gu Instruktorskiego Rod\u0142o w Opolu, dla kt\u00f3rego z wnioskiem o nadanie Tytu\u0142u wyst\u0105pi\u0142a Rada Dru\u017cyny 16 Grunwaldzkiej Dru\u017cyny Harcerskiej im. Jana Jaworskiego ps. \u201eMary\u015bka\u201d, Hufiec K\u0119dzierzyn \u2013 Ko\u017ale, Chor\u0105giew Opolska ZHP.<\/p>\n\n\n\n<p>Uroczysta ceremonia dekoracji tegorocznych Kawaler\u00f3w odb\u0119dzie si\u0119\u00a0<strong>14 czerwca br . o godz. 12.00<\/strong>\u00a0podczas XXI Festynu Fundacji \u201eDom Rodzinnej Rehabilitacji Dzieci z Pora\u017ceniem M\u00f3zgowym\u201d na Placu Wolno\u015bci w Opolu przed pomnikiem Bojownikom o Polsko\u015b\u0107 \u015al\u0105ska Opolskiego.<\/p>\n\n\n<div class=\"wp-block-image\">\n<figure class=\"aligncenter size-large is-resized\"><img loading=\"lazy\" decoding=\"async\" width=\"1024\" height=\"768\" src=\"http:\/\/rops-opole.pl\/wp-content\/uploads\/2020\/08\/medal-serce-dziecku-2015.jpg\" alt='Cz\u0142onkowie Dzieci\u0119co - M\u0142odzie\u017cowej Kapitu\u0142y Tytu\u0142u \"Serce Dziecku\" od lewej: Pawe\u0142 Wantuch, Katarzyna Smereczy\u0144ska, Kinga Olejniczak, Agnieszka Jarosz, Alicja Wojtk\u00f3w, Aneta Drewniok' class=\"wp-image-1366\" style=\"width:567px;height:425px\" srcset=\"https:\/\/rops-opole.pl\/wp-content\/uploads\/2020\/08\/medal-serce-dziecku-2015.jpg 1024w, https:\/\/rops-opole.pl\/wp-content\/uploads\/2020\/08\/medal-serce-dziecku-2015-789x592.jpg 789w, https:\/\/rops-opole.pl\/wp-content\/uploads\/2020\/08\/medal-serce-dziecku-2015-237x178.jpg 237w\" sizes=\"(max-width: 1024px) 100vw, 1024px\"><figcaption class=\"wp-element-caption\">Cz\u0142onkowie Dzieci\u0119co \u2013 M\u0142odzie\u017cowej Kapitu\u0142y Tytu\u0142u \u201eSerce Dziecku\u201d od lewej: Pawe\u0142 Wantuch, Katarzyna Smereczy\u0144ska, Kinga Olejniczak, Agnieszka Jarosz, Alicja Wojtk\u00f3w, Aneta Drewniok<\/figcaption><\/figure>\n<\/div>\n\n\n<!--nextpage-->\n\n\n\n<p>2014 r.<\/p>\n\n\n\n<p>Od 1987 r. dzieci i m\u0142odzie\u017c z naszego regionu nadaj\u0105 osobom doros\u0142ym swoje odznaczenie\u00a0<strong>\u201eMedal Serce Dziecku\u201d<\/strong>. Osoby nominowane, do tego zaszczytnego odznaczenia, wyr\u00f3\u017cniaj\u0105 si\u0119 bezinteresown\u0105 dzia\u0142alno\u015bci\u0105 maj\u0105c\u0105 na celu przede wszystkim dobro dzieci. Zakres podejmowanych dzia\u0142a\u0144 jest bardzo szeroki mog\u0105 by\u0107 one prowadzone zar\u00f3wno w ramach pe\u0142nionych funkcji zawodowych, spo\u0142ecznych, a tak\u017ce na gruncie prywatnym. Nominowani do odznaczenia winni cechowa\u0107 si\u0119 otwarto\u015bci\u0105 na problemy dzieci, wykazywa\u0107 szczeg\u00f3ln\u0105 dba\u0142o\u015b\u0107 o ich rozw\u00f3j intelektualny, emocjonalny i fizyczny oraz pomaga\u0107 dzieciom w sytuacji, gdy potrzebuj\u0105 one opieki i wsparcia.<br>Medal nadaje Dzieci\u0119co-M\u0142odzie\u017cowa Kapitu\u0142a dzia\u0142aj\u0105ca pod patronatem Marsza\u0142ka Wojew\u00f3dztwa Opolskiego.<br><strong>Wnioski o nadanie Medalu w formie pisemnej nale\u017cy sk\u0142ada\u0107 na adres Regionalnego O\u015brodka Polityki Spo\u0142ecznej w Opolu, przy ul. G\u0142ogowskiej 25 C, 45-315 Opole do 16 maja br<\/strong>. Opr\u00f3cz danych kandydata wniosek winien zawiera\u0107 opis jego dzia\u0142alno\u015bci, uzasadnienie wyboru oraz\u00a0<strong>podpisy dzieci<\/strong>\u00a0zg\u0142aszaj\u0105cych kandydatur\u0119. Mo\u017cna te\u017c do\u0142\u0105czy\u0107 zdj\u0119cia i materia\u0142y prasowe dotycz\u0105ce dzia\u0142alno\u015bci osoby nominowanej. Dodatkowe informacje mo\u017cna uzyska\u0107 pod nr tel. 77 455 19 00<br>Ostatecznego wyboru Kawaler\u00f3w dokona\u0142a Kapitu\u0142a powo\u0142ana Zarz\u0105dzeniem Marsza\u0142ka Wojew\u00f3dztwa Opolskiego. Kapitu\u0142a sk\u0142ada\u0142a si\u0119 z przewodnicz\u0105cych samorz\u0105d\u00f3w uczniowskich opolskich szk\u00f3\u0142 zg\u0142oszonych przez dyrektor\u00f3w szk\u00f3\u0142. Osoby wytypowane do prac Kapitu\u0142y charakteryzowa\u0142y si\u0119 ponadprzeci\u0119tn\u0105 aktywno\u015bci\u0105 i osi\u0105gni\u0119ciami w szkole i poza ni\u0105. W tym roku w sk\u0142ad Kapitu\u0142y weszli:<br>1) Krystyna Skrzynkowska \u2013 Publiczna Szko\u0142a Podstawowa nr 2 im. Polskich Olimpijczyk\u00f3w w Opolu,<br>2) Krzysztof Jadczak \u2013 Publiczna Szko\u0142a Podstawowa nr 29 im. Armii Krajowej w Opolu,<br>3) Karol Fachet \u2013 Publiczne Gimnazjum nr 4 im. J. Kochanowskiego w Opolu,<br>4) Agnieszka Kowara \u2013 Publiczne Gimnazjum nr 5 im. Aleksandra Kami\u0144skiego w Opolu,<br>5) Magdalena Szczotka \u2013 Liceum Og\u00f3lnokszta\u0142c\u0105ce nr III im. Marii Sk\u0142odowskiej \u2013 Curie w Opolu,<br>6) Daniel Ch\u0119tnicki \u2013 Zesp\u00f3\u0142 Szk\u00f3\u0142 Ekonomicznych im. Gen. Stefana Roweckiego \u201eGrota\u201d w Opolu.<\/p>\n\n\n\n<p>Pod obrady Kapitu\u0142y trafi\u0142o siedem wniosk\u00f3w o nadania Tytu\u0142u \u201eSerce Dziecku\u201d. Podczas pracowitego posiedzenia cz\u0142onkowie Kapitu\u0142y zadecydowali, \u017ce w 2014 r.\u00a0<strong>Tytu\u0142 \u201eSerce Dziecku\u201d otrzymaj\u0105 2 osoby, tj.:<br>1) Pani Zenobia Dobosiewicz \u2013 Pe\u0142ka \u2013 druhna, instruktorka hufca ZHP Opole-miasto, dla kt\u00f3rej z wnioskiem o nadanie Tytu\u0142u wyst\u0105pili harcerze ze 107 DH POWSINOGI im. Zygmunta Glogera Hufiec ZHP Opole-Miasto Chor\u0105giew Opolska,<br>2) Pan Rafa\u0142 Neugebauer \u2013 Dyrektor Wo\u0142czy\u0144skiego O\u015brodka Kultury w Wo\u0142czynie, Wiceprezes Stowarzyszenia Ziemi Wo\u0142czy\u0144skiej \u201eDwa Serca\u201d w Wo\u0142czynie, dla kt\u00f3rego z wnioskiem o nadanie Tytu\u0142u wyst\u0105pili Julia Mendel z Ro\u017cnowa oraz uczestnicy zaj\u0119\u0107 i warsztat\u00f3w organizowanych przez Wo\u0142czy\u0144ski O\u015brodek Kultury.<\/strong><br>W dniu 8 czerwca br. podczas XX Festynu Fundacji \u201eDom Rodzinnej Rehabilitacji Dzieci z Pora\u017ceniem M\u00f3zgowym\u201d na Placu Wolno\u015bci w Opolu odby\u0142a si\u0119 uroczysta dekoracja tegorocznych Kawaler\u00f3w, kt\u00f3rzy nie kryli zadowolenia i wzruszenia z przyznania tak szczeg\u00f3lnego wyr\u00f3\u017cnienia. Decyzja dzieci, poza \u017ar\u00f3d\u0142em ogromnej rado\u015bci i satysfakcji, stanowi dla nich dodatkowy bodziec do podejmowania kolejnych wyzwa\u0144 na rzecz dzieci i m\u0142odzie\u017cy. Zgodnie z tradycj\u0105 przed otrzymaniem Medali, Kawalerowie musieli z u\u015bmiechem na twarzy wypi\u0107 sok cytrynowy. Dekoracji os\u00f3b odznaczonych dokonali Cz\u0142onkini Zarz\u0105du Wojew\u00f3dztwa Opolskiego \u2013 Barbara Kami\u0144ska, Dyrektor Departamentu Zdrowia i Polityki Spo\u0142ecznej UMWO \u2013 Stanis\u0142aw \u0141\u0105giewka, \u00f3wczesny Dyrektor ROPS w Opolu \u2013 Pan Adam R\u00f3\u017cycki oraz dzieci i m\u0142odzie\u017c wdzi\u0119czni za okazywane im serce.<\/p>\n\n\n<div class=\"wp-block-image\">\n<figure class=\"aligncenter size-large is-resized\"><img loading=\"lazy\" decoding=\"async\" width=\"641\" height=\"403\" src=\"http:\/\/rops-opole.pl\/wp-content\/uploads\/2020\/08\/medal-serce-dziecku-2014.jpg\" alt=\"Wr\u0119czenie kwiat\u00f3w\" class=\"wp-image-1368\" style=\"width:587px;height:368px\" srcset=\"https:\/\/rops-opole.pl\/wp-content\/uploads\/2020\/08\/medal-serce-dziecku-2014.jpg 641w, https:\/\/rops-opole.pl\/wp-content\/uploads\/2020\/08\/medal-serce-dziecku-2014-268x168.jpg 268w\" sizes=\"(max-width: 641px) 100vw, 641px\"><\/figure>\n<\/div>\n\n\n<!--nextpage-->\n\n\n\n<p>2013 r.<\/p>\n\n\n\n<p>Ju\u017c od ponad \u0107wier\u0107wiecza dzieci i m\u0142odzie\u017c z wojew\u00f3dztwa opolskiego zg\u0142aszaj\u0105 swoje kandydatury do Opolskiego Tytu\u0142u \u201eSerce Dziecku\u201d. Odznaczenie to przyznawane jest osobom doros\u0142ym, kt\u00f3re swoj\u0105 dzia\u0142alno\u015bci\u0105 i postaw\u0105 zdoby\u0142y zaufanie, sympati\u0119 i szacunek dzieci. Wyboru Kawaler\u00f3w Tytu\u0142u dokonuje Dzieci\u0119co \u2013 M\u0142odzie\u017cowa Kapitu\u0142a dzia\u0142aj\u0105ca pod patronatem Marsza\u0142ka Wojew\u00f3dztwa Opolskiego. Ca\u0142o\u015bci\u0105 spraw organizacyjnych zwi\u0105zanych z przyznawaniem Medalu zajmuje si\u0119 Regionalny O\u015brodek Polityki Spo\u0142ecznej w Opolu.<br>Kandydaci na cz\u0142onk\u00f3w Kapitu\u0142y zostali wybrani z grona przewodnicz\u0105cych samorz\u0105d\u00f3w uczniowskich, zg\u0142oszonych przez dyrektor\u00f3w opolskich szk\u00f3\u0142, kt\u00f3rzy od lat z zaanga\u017cowaniem i zapa\u0142em uczestnicz\u0105 w realizacji tego zaszczytnego i jednocze\u015bnie niezmiernie mi\u0142ego wydarzenia. Marsza\u0142ek Wojew\u00f3dztwa Opolskiego Zarz\u0105dzeniem nr 67\/2013 z dnia 27 maja 2013 r. w sprawie powo\u0142ania Dzieci\u0119co \u2013 M\u0142odzie\u017cowej Kapitu\u0142y Tytu\u0142u \u201eSerce Dziecku\u201d dokona\u0142 wyboru cz\u0142onk\u00f3w Kapitu\u0142y w sk\u0142adzie:<\/p>\n\n\n\n<ol class=\"wp-block-list\">\n<li>Karolina Bara\u0144ska \u2013 przedstawiciel Publicznej Szko\u0142y Podstawowej nr 2 im. Polskich Olimpijczyk\u00f3w w Opolu,<\/li>\n\n\n\n<li>Jakub Wach \u2013 przedstawiciel Publicznej Szko\u0142y Podstawowej nr 29 im. Armii Krajowej w Opolu,<\/li>\n\n\n\n<li>Anna Klimek \u2013 przedstawiciel Publicznego Gimnazjum nr 4 im. J. Kochanowskiego w Opolu,<\/li>\n\n\n\n<li>Agata Brzozowska \u2013 przedstawiciel Publicznego Gimnazjum nr 5 im. Aleksandra Kami\u0144skiego w Opolu,<\/li>\n\n\n\n<li>Magdalena Szczotka \u2013 przedstawiciel Liceum Og\u00f3lnokszta\u0142c\u0105cego nr III im. Marii Sk\u0142odowskiej \u2013 Curie w Opolu,<\/li>\n\n\n\n<li>Alicja Klisz \u2013 przedstawiciel Zespo\u0142u Szk\u00f3\u0142 Ekonomicznych im. Gen. Stefana Roweckiego \u201eGrota\u201d w Opolu.<\/li>\n<\/ol>\n\n\n\n<p>W dniu 28 maja br. w Regionalnym O\u015brodku Polityki Spo\u0142ecznej w Opolu odby\u0142o si\u0119 posiedzenie Dzieci\u0119co-M\u0142odzie\u017cowej Kapitu\u0142y. Cz\u0142onk\u00f3w Kapitu\u0142y przywita\u0142 \u00f3wczesny Dyrektor ROPS w Opolu Pan Adam R\u00f3\u017cycki, kt\u00f3ry om\u00f3wi\u0142 idee i zasady przy\u015bwiecaj\u0105ce nadawaniu Tytu\u0142u oraz \u017cyczy\u0142 dzieciom owocnych obrad. Podczas intensywnego, kilkugodzinnego posiedzenia cz\u0142onkowie Kapitu\u0142y spo\u015br\u00f3d 8 zg\u0142oszonych kandydatur przyznali Tytu\u0142u \u201eSerce Dziecku\u201d 4 osobom, tj.:<\/p>\n\n\n\n<ol class=\"wp-block-list\">\n<li><strong>Pani El\u017cbiecie Sobolewskiej<\/strong>\u00a0\u2013 Dyrektor Zespo\u0142u Niepublicznych Szk\u00f3\u0142 w Kup, Prezes Stowarzyszenia na Rzecz Autyzmu \u201eUczmy si\u0119 \u017cy\u0107 razem\u201d w Opolu, dla kt\u00f3rej z wnioskiem o nadanie Tytu\u0142u wyst\u0105pili uczniowie szko\u0142y w Kup,<\/li>\n\n\n\n<li><strong>Pani Renacie Pietru\u0144ko<\/strong>\u00a0\u2013 Dyrektor \u015awietlicy Terapeutycznej w Lewinie Brzeskim, dla kt\u00f3rej z wnioskiem o nadanie Tytu\u0142u wyst\u0105pili podopieczni \u015awietlicy Terapeutycznej w Lewinie Brzeskim,<\/li>\n\n\n\n<li><strong>Pani Monice Witkowskiej \u2013 Kubas<\/strong>\u00a0\u2013 certyfikowanej specjalistce terapii uzale\u017cnienia oraz pomocy rodzinom do\u015bwiadczaj\u0105cym przemocy domowej, koordynatorowi Powiatowego O\u015brodka Interwencji Kryzysowej w Prudniku, dla kt\u00f3rej z wnioskiem o nadanie Tytu\u0142u wyst\u0105pili podopieczni Stowarzyszenia Aktywnej Pomocy Rodzinie \u201eALTERNATYWA\u201d \u2013 S.A.P.R.A.,<\/li>\n\n\n\n<li><strong>Panu Jerzemu Basa\u0142aj<\/strong>\u00a0\u2013 prywatnemu przedsi\u0119biorcy, dla kt\u00f3rego z wnioskiem o nadanie Tytu\u0142u wyst\u0105pi\u0142 Samorz\u0105d Uczniowski Zespo\u0142u Szkolno \u2013 Przedszkolnego w Moszczance.<\/li>\n<\/ol>\n\n\n\n<figure class=\"wp-block-gallery has-nested-images columns-default is-cropped wp-block-gallery-2 is-layout-flex wp-block-gallery-is-layout-flex\">\n<figure class=\"wp-block-image size-large\"><img loading=\"lazy\" decoding=\"async\" width=\"800\" height=\"600\" data-id=\"1176\" src=\"http:\/\/rops-opole.pl\/wp-content\/uploads\/2020\/08\/01-5.jpg\" alt=\"Cz\u0142onk\u00f3w Kapitu\u0142y przywita\u0142 \u00f3wczesny Dyrektor ROPS w Opolu Adam R\u00f3\u017cycki\" class=\"wp-image-1176\" srcset=\"https:\/\/rops-opole.pl\/wp-content\/uploads\/2020\/08\/01-5.jpg 800w, https:\/\/rops-opole.pl\/wp-content\/uploads\/2020\/08\/01-5-789x592.jpg 789w, https:\/\/rops-opole.pl\/wp-content\/uploads\/2020\/08\/01-5-237x178.jpg 237w\" sizes=\"(max-width: 800px) 100vw, 800px\"><\/figure>\n\n\n\n<figure class=\"wp-block-image size-large\"><img loading=\"lazy\" decoding=\"async\" width=\"800\" height=\"600\" data-id=\"1177\" src=\"http:\/\/rops-opole.pl\/wp-content\/uploads\/2020\/08\/02-5.jpg\" alt=\"Cz\u0142onk\u00f3w Kapitu\u0142y przywita\u0142 \u00f3wczesny Dyrektor ROPS w Opolu Adam R\u00f3\u017cycki\" class=\"wp-image-1177\" srcset=\"https:\/\/rops-opole.pl\/wp-content\/uploads\/2020\/08\/02-5.jpg 800w, https:\/\/rops-opole.pl\/wp-content\/uploads\/2020\/08\/02-5-789x592.jpg 789w, https:\/\/rops-opole.pl\/wp-content\/uploads\/2020\/08\/02-5-237x178.jpg 237w\" sizes=\"(max-width: 800px) 100vw, 800px\"><\/figure>\n\n\n\n<figure class=\"wp-block-image size-large\"><img loading=\"lazy\" decoding=\"async\" width=\"800\" height=\"600\" data-id=\"1178\" src=\"http:\/\/rops-opole.pl\/wp-content\/uploads\/2020\/08\/03-5.jpg\" alt=\"Posiedzenie Dzieci\u0119co-M\u0142odzie\u017cowej Kapitu\u0142y\" class=\"wp-image-1178\" srcset=\"https:\/\/rops-opole.pl\/wp-content\/uploads\/2020\/08\/03-5.jpg 800w, https:\/\/rops-opole.pl\/wp-content\/uploads\/2020\/08\/03-5-789x592.jpg 789w, https:\/\/rops-opole.pl\/wp-content\/uploads\/2020\/08\/03-5-237x178.jpg 237w\" sizes=\"(max-width: 800px) 100vw, 800px\"><\/figure>\n<\/figure>\n\n\n\n<p>W dniu 9 czerwca 2013 r. podczas XIX Festynu Fundacji \u201eDom Rodzinnej Rehabilitacji Dzieci z Pora\u017ceniem M\u00f3zgowym\u201d na Placu Wolno\u015bci w Opolu odby\u0142a si\u0119 uroczysta dekoracja tegorocznych kawaler\u00f3w Tytu\u0142u \u201eSerce Dziecku\u201d.<br>Wyr\u00f3\u017cnieni nie ukrywali rado\u015bci i wzruszenia. Podkre\u015blali, \u017ce odznaczenie stanowi dla nich dodatkow\u0105 motywacj\u0119 do podejmowania kolejnych wyzwa\u0144 dla dobra dzieci i m\u0142odzie\u017cy. Zgodnie z tradycj\u0105 przed otrzymaniem medali, kawalerowie musieli z u\u015bmiechem na twarzy wypi\u0107 sok cytrynowy. Dekoracji os\u00f3b odznaczonych dokonali Wicemarsza\u0142kowie Wojew\u00f3dztwa Opolskiego \u2013 Barbara Kami\u0144ska i Roman Kolek, Dyrektor Departamentu Zdrowia i Polityki Spo\u0142ecznej UMWO \u2013 Stanis\u0142aw \u0141\u0105giewka, \u00f3wczesny Dyrektor ROPS w Opolu \u2013 Pan Adam R\u00f3\u017cycki, prof. dr hab. Stanis\u0142aw Stadnicze\u0144ko \u2013 tw\u00f3rca i pomys\u0142odawca Medalu \u201eSerce Dziecku\u201d oraz dzieci i m\u0142odzie\u017c wdzi\u0119czni za okazywane im serce.<br>Kolejna \u2013 XXVI ju\u017c edycja Medalu \u201eSerce Dziecku\u201d \u2013 zako\u0144czy\u0142a si\u0119. Grono odznaczonych powi\u0119kszy\u0142o si\u0119 o osoby, kt\u00f3re swoim zapa\u0142em, energi\u0105, entuzjazmem oraz ci\u0119\u017ck\u0105 i wytrwa\u0142\u0105 prac\u0105 udowadniaj\u0105, \u017ce jest to najpi\u0119kniejszy trud i wysi\u0142ek, bo zdoby\u0107 serce dziecka znaczy bardzo wiele.<\/p>\n\n\n\n<figure class=\"wp-block-gallery has-nested-images columns-default is-cropped wp-block-gallery-3 is-layout-flex wp-block-gallery-is-layout-flex\">\n<figure class=\"wp-block-image size-large\"><img loading=\"lazy\" decoding=\"async\" width=\"800\" height=\"536\" data-id=\"1180\" src=\"http:\/\/rops-opole.pl\/wp-content\/uploads\/2020\/08\/04-4.jpg\" alt=\"Dekoracja os\u00f3b odznaczonych\" class=\"wp-image-1180\" srcset=\"https:\/\/rops-opole.pl\/wp-content\/uploads\/2020\/08\/04-4.jpg 800w, https:\/\/rops-opole.pl\/wp-content\/uploads\/2020\/08\/04-4-266x178.jpg 266w\" sizes=\"(max-width: 800px) 100vw, 800px\"><\/figure>\n\n\n\n<figure class=\"wp-block-image size-large\"><img loading=\"lazy\" decoding=\"async\" width=\"800\" height=\"524\" data-id=\"1181\" src=\"http:\/\/rops-opole.pl\/wp-content\/uploads\/2020\/08\/05-4.jpg\" alt=\"Dekoracja os\u00f3b odznaczonych\" class=\"wp-image-1181\" srcset=\"https:\/\/rops-opole.pl\/wp-content\/uploads\/2020\/08\/05-4.jpg 800w, https:\/\/rops-opole.pl\/wp-content\/uploads\/2020\/08\/05-4-268x176.jpg 268w\" sizes=\"(max-width: 800px) 100vw, 800px\"><\/figure>\n\n\n\n<figure class=\"wp-block-image size-large\"><img loading=\"lazy\" decoding=\"async\" width=\"729\" height=\"600\" data-id=\"1182\" src=\"http:\/\/rops-opole.pl\/wp-content\/uploads\/2020\/08\/06-4.jpg\" alt=\"Dekoracja os\u00f3b odznaczonych\" class=\"wp-image-1182\" srcset=\"https:\/\/rops-opole.pl\/wp-content\/uploads\/2020\/08\/06-4.jpg 729w, https:\/\/rops-opole.pl\/wp-content\/uploads\/2020\/08\/06-4-719x592.jpg 719w, https:\/\/rops-opole.pl\/wp-content\/uploads\/2020\/08\/06-4-216x178.jpg 216w\" sizes=\"(max-width: 729px) 100vw, 729px\"><\/figure>\n\n\n\n<figure class=\"wp-block-image size-large\"><img loading=\"lazy\" decoding=\"async\" width=\"672\" height=\"600\" data-id=\"1183\" src=\"http:\/\/rops-opole.pl\/wp-content\/uploads\/2020\/08\/07-4.jpg\" alt=\"Dekoracja os\u00f3b odznaczonych\" class=\"wp-image-1183\" srcset=\"https:\/\/rops-opole.pl\/wp-content\/uploads\/2020\/08\/07-4.jpg 672w, https:\/\/rops-opole.pl\/wp-content\/uploads\/2020\/08\/07-4-663x592.jpg 663w, https:\/\/rops-opole.pl\/wp-content\/uploads\/2020\/08\/07-4-199x178.jpg 199w\" sizes=\"(max-width: 672px) 100vw, 672px\"><\/figure>\n\n\n\n<figure class=\"wp-block-image size-large\"><img loading=\"lazy\" decoding=\"async\" width=\"800\" height=\"547\" data-id=\"1184\" src=\"http:\/\/rops-opole.pl\/wp-content\/uploads\/2020\/08\/08-4.jpg\" alt=\"Dekoracja os\u00f3b odznaczonych\" class=\"wp-image-1184\" srcset=\"https:\/\/rops-opole.pl\/wp-content\/uploads\/2020\/08\/08-4.jpg 800w, https:\/\/rops-opole.pl\/wp-content\/uploads\/2020\/08\/08-4-260x178.jpg 260w\" sizes=\"(max-width: 800px) 100vw, 800px\"><\/figure>\n<\/figure>\n\n","protected":false},"excerpt":{"rendered":null,"protected":false},"author":1,"featured_media":0,"parent":0,"menu_order":0,"comment_status":"closed","ping_status":"closed","template":"","meta":{"footnotes":""},"categories":[],"tags":[],"class_list":["post-164","page","type-page","status-publish","hentry"],"_links":{"self":[{"href":"https:\/\/rops-opole.pl\/index.php?rest_route=\/wp\/v2\/pages\/164","targetHints":{"allow":["GET"]}}],"collection":[{"href":"https:\/\/rops-opole.pl\/index.php?rest_route=\/wp\/v2\/pages"}],"about":[{"href":"https:\/\/rops-opole.pl\/index.php?rest_route=\/wp\/v2\/types\/page"}],"author":[{"embeddable":true,"href":"https:\/\/rops-opole.pl\/index.php?rest_route=\/wp\/v2\/users\/1"}],"replies":[{"embeddable":true,"href":"https:\/\/rops-opole.pl\/index.php?rest_route=%2Fwp%2Fv2%2Fcomments&post=164"}],"version-history":[{"count":94,"href":"https:\/\/rops-opole.pl\/index.php?rest_route=\/wp\/v2\/pages\/164\/revisions"}],"predecessor-version":[{"id":4607,"href":"https:\/\/rops-opole.pl\/index.php?rest_route=\/wp\/v2\/pages\/164\/revisions\/4607"}],"wp:attachment":[{"href":"https:\/\/rops-opole.pl\/index.php?rest_route=%2Fwp%2Fv2%2Fmedia&parent=164"}],"wp:term":[{"taxonomy":"category","embeddable":true,"href":"https:\/\/rops-opole.pl\/index.php?rest_route=%2Fwp%2Fv2%2Fcategories&post=164"},{"taxonomy":"post_tag","embeddable":true,"href":"https:\/\/rops-opole.pl\/index.php?rest_route=%2Fwp%2Fv2%2Ftags&post=164"}],"curies":[{"name":"wp","href":"https:\/\/api.w.org\/{rel}","templated":true}]}}